{"id":38430,"date":"2025-07-11T14:43:34","date_gmt":"2025-07-11T12:43:34","guid":{"rendered":"https:\/\/tibladin.dk\/?post_type=product&#038;p=38430"},"modified":"2026-02-03T13:34:32","modified_gmt":"2026-02-03T12:34:32","slug":"gobelet-en-verre-marron-6-pieces","status":"publish","type":"product","link":"https:\/\/tibladin.dk\/fr\/produkt\/glas-tumbler-brun-6-stk\/","title":{"rendered":"Verre TUMBLER marron \u2013 6 pcs."},"content":{"rendered":"<div class=\"wpb-content-wrapper\"><div class=\"vc_row wpb_row vc_row-fluid\"><div class=\"wpb_column vc_column_container vc_col-sm-4\"><div class=\"vc_column-inner\"><div class=\"wpb_wrapper\">\n\t<div class=\"wpb_video_widget wpb_content_element vc_clearfix   vc_video-aspect-ratio-43 vc_video-el-width-100 vc_video-align-left\" >\n\t\t<div class=\"wpb_wrapper\">\n\t\t\t\n\t\t\t<div class=\"wpb_video_wrapper\"><div class=\"video-container\"><iframe loading=\"lazy\" title=\"Carafe en verre Beldi\" src=\"https:\/\/player.vimeo.com\/video\/400572901?dnt=1&amp;app_id=122963\" width=\"174\" height=\"310\" frameborder=\"0\" allow=\"autoplay; fullscreen; picture-in-picture\"><\/iframe><\/div><\/div>\n\t\t<\/div>\n\t<\/div>\n<\/div><\/div><\/div><div class=\"wpb_column vc_column_container vc_col-sm-4\"><div class=\"vc_column-inner\"><div class=\"wpb_wrapper\"><h2 style=\"text-align: left\" class=\"vc_custom_heading vc_do_custom_heading\" >Entretien<\/h2>\n\t<div class=\"wpb_text_column wpb_content_element\" >\n\t\t<div class=\"wpb_wrapper\">\n\t\t\t<p>Laver \u00e0 l\u2019eau savonneuse douce \u2013 peut \u00e9galement aller au lave-vaisselle.<\/p>\n\n\t\t<\/div>\n\t<\/div>\n<\/div><\/div><\/div><div class=\"wpb_column vc_column_container vc_col-sm-4\"><div class=\"vc_column-inner\"><div class=\"wpb_wrapper\"><h2 style=\"text-align: left\" class=\"vc_custom_heading vc_do_custom_heading\" >L&#039;histoire derri\u00e8re<\/h2>\n\t<div class=\"wpb_text_column wpb_content_element\" >\n\t\t<div class=\"wpb_wrapper\">\n\t\t\t<p>Verre Beldi de Marrakech. Le tout fabriqu\u00e9 \u00e0 partir de verre recycl\u00e9 chauff\u00e9, souffl\u00e9 \u00e0 la bouche, fa\u00e7onn\u00e9 et enfin progressivement trait\u00e9 dans un four de refroidissement. Le verre passe par un processus artisanal complexe et est fa\u00e7onn\u00e9 en designs \u00e9l\u00e9gants.<\/p>\n<p>Malgr\u00e9 la finesse des verres, ils sont extr\u00eamement r\u00e9sistants et peuvent \u00eatre utilis\u00e9s dans toutes les situations du quotidien. Ils passent au lave-vaisselle et peuvent m\u00eame supporter des temp\u00e9ratures mod\u00e9r\u00e9es au four. Le reflet vert provient du verre recycl\u00e9.<\/p>\n\n\t\t<\/div>\n\t<\/div>\n<\/div><\/div><\/div><\/div>\n<\/div>","protected":false},"excerpt":{"rendered":"<p><span class=\"s1\">Exp\u00e9di\u00e9 dans une bo\u00eete de 6 pi\u00e8ces \u2013 donc 299 DKK pour 6 pi\u00e8ces.<\/span><\/p>\n<p><span class=\"s1\">Ce gobelet est fabriqu\u00e9 en magnifique verre recycl\u00e9 brun et fait partie de notre collection de verres Beldi. Souffl\u00e9 \u00e0 la bouche, il est fabriqu\u00e9 selon la tradition marocaine. Beldi signifie \u00ab traditionnel \u00bb ou \u00ab autochtone \u00bb en arabe. Les verres Beldi sont des verres marocains embl\u00e9matiques, souffl\u00e9s \u00e0 la bouche et pleins de personnalit\u00e9.<\/span><\/p>\n<p>La couleur est une belle nuance chaude et claire de brun\/vert olive qui oscille entre le brun, le jaune et le vert.<\/p>\n<p>Les verres mesurent 9 cm de hauteur.<\/p>\n<p><span class=\"s1\">Utilisez-les comme gobelets, verres \u00e0 eau ou pour les boissons si vous voulez que ce soit un peu plus festif.<\/span><\/p>\n<p><span class=\"s1\">S&#039;accorde parfaitement avec nos autres verres Beldi, tous deux dans la m\u00eame teinte marron ou en vert et transparent, et avec la fine carafe Beldi.<\/span><\/p>\n<p>&nbsp;<\/p>","protected":false},"featured_media":38364,"template":"","meta":{"inline_featured_image":false},"product_brand":[],"product_cat":[34,33,47,126,45],"product_tag":[],"class_list":{"0":"post-38430","1":"product","2":"type-product","3":"status-publish","4":"has-post-thumbnail","6":"product_cat-beldiglas","7":"product_cat-borddaekning","8":"product_cat-gaven-til-ham","9":"product_cat-glas","10":"product_cat-vaert-vaertindegaver","12":"first","13":"instock","14":"taxable","15":"shipping-taxable","16":"purchasable","17":"product-type-simple"},"exclude_global_add_ons":false,"addons":[{"name":"Vous souhaitez un emballage cadeau ?","type":"checkbox","position":0,"required":false,"title_format":"label","default":"","description_enable":false,"description":"","placeholder_enable":false,"placeholder":"","display":"images","restrictions_type":"any_text","adjust_price":false,"price":"","price_type":"flat_fee","restrictions":false,"min":"0","max":"0","options":[{"label":"Ja tak","price":"10","price_type":"flat_fee","image":11015,"visibility":true}],"id":1669646111}],"yoast_head":"<!-- This site is optimized with the Yoast SEO plugin v27.5 - https:\/\/yoast.com\/product\/yoast-seo-wordpress\/ -->\n<title>Glas tumbler i brun | Mundbl\u00e6st beldi genbrugsglas | Tibladin<\/title>\n<meta name=\"description\" content=\"Marokkanske mundbl\u00e6ste beldi tumbler glas\u00a0i brun, lavet af genbrugsglas. Passer perfekt sammen med vores Beldi glas, Beldi vinglas, Beldi kande og sk\u00e5le.\" \/>\n<meta name=\"robots\" content=\"index, follow, max-snippet:-1, max-image-preview:large, max-video-preview:-1\" \/>\n<link rel=\"canonical\" href=\"https:\/\/tibladin.dk\/fr\/produit-4\/gobelet-en-verre-marron-6-pieces\/\" \/>\n<meta property=\"og:locale\" content=\"fr_FR\" \/>\n<meta property=\"og:type\" content=\"article\" \/>\n<meta property=\"og:title\" content=\"Glas tumbler i brun | Mundbl\u00e6st beldi genbrugsglas | Tibladin\" \/>\n<meta property=\"og:description\" content=\"Marokkanske mundbl\u00e6ste beldi tumbler glas\u00a0i brun, lavet af genbrugsglas. Passer perfekt sammen med vores Beldi glas, Beldi vinglas, Beldi kande og sk\u00e5le.\" \/>\n<meta property=\"og:url\" content=\"https:\/\/tibladin.dk\/fr\/produit-4\/gobelet-en-verre-marron-6-pieces\/\" \/>\n<meta property=\"og:site_name\" content=\"Tibladin\" \/>\n<meta property=\"article:modified_time\" content=\"2026-02-03T12:34:32+00:00\" \/>\n<meta property=\"og:image\" content=\"https:\/\/tibladin.dk\/wp-content\/uploads\/2025\/07\/Photoroom_20250711_112843.jpeg\" \/>\n\t<meta property=\"og:image:width\" content=\"2000\" \/>\n\t<meta property=\"og:image:height\" content=\"2000\" \/>\n\t<meta property=\"og:image:type\" content=\"image\/jpeg\" \/>\n<meta name=\"twitter:card\" content=\"summary_large_image\" \/>\n<meta name=\"twitter:label1\" content=\"Dur\u00e9e de lecture estim\u00e9e\" \/>\n\t<meta name=\"twitter:data1\" content=\"1 minute\" \/>\n<script type=\"application\/ld+json\" class=\"yoast-schema-graph\">{\"@context\":\"https:\\\/\\\/schema.org\",\"@graph\":[{\"@type\":\"WebPage\",\"@id\":\"https:\\\/\\\/tibladin.dk\\\/produkt\\\/glas-tumbler-brun-6-stk\\\/\",\"url\":\"https:\\\/\\\/tibladin.dk\\\/produkt\\\/glas-tumbler-brun-6-stk\\\/\",\"name\":\"Glas tumbler i brun | Mundbl\u00e6st beldi genbrugsglas | Tibladin\",\"isPartOf\":{\"@id\":\"https:\\\/\\\/tibladin.dk\\\/#website\"},\"primaryImageOfPage\":{\"@id\":\"https:\\\/\\\/tibladin.dk\\\/produkt\\\/glas-tumbler-brun-6-stk\\\/#primaryimage\"},\"image\":{\"@id\":\"https:\\\/\\\/tibladin.dk\\\/produkt\\\/glas-tumbler-brun-6-stk\\\/#primaryimage\"},\"thumbnailUrl\":\"https:\\\/\\\/tibladin.dk\\\/wp-content\\\/uploads\\\/2025\\\/07\\\/Photoroom_20250711_112843.jpeg\",\"datePublished\":\"2025-07-11T12:43:34+00:00\",\"dateModified\":\"2026-02-03T12:34:32+00:00\",\"description\":\"Marokkanske mundbl\u00e6ste beldi tumbler glas\u00a0i brun, lavet af genbrugsglas. Passer perfekt sammen med vores Beldi glas, Beldi vinglas, Beldi kande og sk\u00e5le.\",\"breadcrumb\":{\"@id\":\"https:\\\/\\\/tibladin.dk\\\/produkt\\\/glas-tumbler-brun-6-stk\\\/#breadcrumb\"},\"inLanguage\":\"fr-FR\",\"potentialAction\":[{\"@type\":\"ReadAction\",\"target\":[\"https:\\\/\\\/tibladin.dk\\\/produkt\\\/glas-tumbler-brun-6-stk\\\/\"]}]},{\"@type\":\"ImageObject\",\"inLanguage\":\"fr-FR\",\"@id\":\"https:\\\/\\\/tibladin.dk\\\/produkt\\\/glas-tumbler-brun-6-stk\\\/#primaryimage\",\"url\":\"https:\\\/\\\/tibladin.dk\\\/wp-content\\\/uploads\\\/2025\\\/07\\\/Photoroom_20250711_112843.jpeg\",\"contentUrl\":\"https:\\\/\\\/tibladin.dk\\\/wp-content\\\/uploads\\\/2025\\\/07\\\/Photoroom_20250711_112843.jpeg\",\"width\":2000,\"height\":2000,\"caption\":\"beldi tumbler glas brun 1\"},{\"@type\":\"BreadcrumbList\",\"@id\":\"https:\\\/\\\/tibladin.dk\\\/produkt\\\/glas-tumbler-brun-6-stk\\\/#breadcrumb\",\"itemListElement\":[{\"@type\":\"ListItem\",\"position\":1,\"name\":\"Hjem\",\"item\":\"https:\\\/\\\/tibladin.dk\\\/\"},{\"@type\":\"ListItem\",\"position\":2,\"name\":\"Shop\",\"item\":\"https:\\\/\\\/tibladin.dk\\\/shop\\\/\"},{\"@type\":\"ListItem\",\"position\":3,\"name\":\"Glas TUMBLER brun &#8211; 6 stk.\"}]},{\"@type\":\"WebSite\",\"@id\":\"https:\\\/\\\/tibladin.dk\\\/#website\",\"url\":\"https:\\\/\\\/tibladin.dk\\\/\",\"name\":\"Tibladin\",\"description\":\"Tibladin\",\"publisher\":{\"@id\":\"https:\\\/\\\/tibladin.dk\\\/#organization\"},\"potentialAction\":[{\"@type\":\"SearchAction\",\"target\":{\"@type\":\"EntryPoint\",\"urlTemplate\":\"https:\\\/\\\/tibladin.dk\\\/?s={search_term_string}\"},\"query-input\":{\"@type\":\"PropertyValueSpecification\",\"valueRequired\":true,\"valueName\":\"search_term_string\"}}],\"inLanguage\":\"fr-FR\"},{\"@type\":\"Organization\",\"@id\":\"https:\\\/\\\/tibladin.dk\\\/#organization\",\"name\":\"Tibladin\",\"url\":\"https:\\\/\\\/tibladin.dk\\\/\",\"logo\":{\"@type\":\"ImageObject\",\"inLanguage\":\"fr-FR\",\"@id\":\"https:\\\/\\\/tibladin.dk\\\/#\\\/schema\\\/logo\\\/image\\\/\",\"url\":\"https:\\\/\\\/tibladin.dk\\\/wp-content\\\/uploads\\\/2022\\\/09\\\/tibladin_logo.svg\",\"contentUrl\":\"https:\\\/\\\/tibladin.dk\\\/wp-content\\\/uploads\\\/2022\\\/09\\\/tibladin_logo.svg\",\"caption\":\"Tibladin\"},\"image\":{\"@id\":\"https:\\\/\\\/tibladin.dk\\\/#\\\/schema\\\/logo\\\/image\\\/\"}}]}<\/script>\n<!-- \/ Yoast SEO plugin. -->","yoast_head_json":{"title":"Verre marron | Verre recycl\u00e9 souffl\u00e9 \u00e0 la main | Tibladin","description":"Verre Beldi marocain souffl\u00e9 \u00e0 la main, couleur marron, fabriqu\u00e9 \u00e0 partir de verre recycl\u00e9. S&#039;accorde parfaitement avec nos verres Beldi, verres \u00e0 vin Beldi, pichets et bols Beldi.","robots":{"index":"index","follow":"follow","max-snippet":"max-snippet:-1","max-image-preview":"max-image-preview:large","max-video-preview":"max-video-preview:-1"},"canonical":"https:\/\/tibladin.dk\/fr\/produit-4\/gobelet-en-verre-marron-6-pieces\/","og_locale":"fr_FR","og_type":"article","og_title":"Glas tumbler i brun | Mundbl\u00e6st beldi genbrugsglas | Tibladin","og_description":"Marokkanske mundbl\u00e6ste beldi tumbler glas\u00a0i brun, lavet af genbrugsglas. Passer perfekt sammen med vores Beldi glas, Beldi vinglas, Beldi kande og sk\u00e5le.","og_url":"https:\/\/tibladin.dk\/fr\/produit-4\/gobelet-en-verre-marron-6-pieces\/","og_site_name":"Tibladin","article_modified_time":"2026-02-03T12:34:32+00:00","og_image":[{"width":2000,"height":2000,"url":"https:\/\/tibladin.dk\/wp-content\/uploads\/2025\/07\/Photoroom_20250711_112843.jpeg","type":"image\/jpeg"}],"twitter_card":"summary_large_image","twitter_misc":{"Dur\u00e9e de lecture estim\u00e9e":"1 minute"},"schema":{"@context":"https:\/\/schema.org","@graph":[{"@type":"WebPage","@id":"https:\/\/tibladin.dk\/produkt\/glas-tumbler-brun-6-stk\/","url":"https:\/\/tibladin.dk\/produkt\/glas-tumbler-brun-6-stk\/","name":"Verre marron | Verre recycl\u00e9 souffl\u00e9 \u00e0 la main | Tibladin","isPartOf":{"@id":"https:\/\/tibladin.dk\/#website"},"primaryImageOfPage":{"@id":"https:\/\/tibladin.dk\/produkt\/glas-tumbler-brun-6-stk\/#primaryimage"},"image":{"@id":"https:\/\/tibladin.dk\/produkt\/glas-tumbler-brun-6-stk\/#primaryimage"},"thumbnailUrl":"https:\/\/tibladin.dk\/wp-content\/uploads\/2025\/07\/Photoroom_20250711_112843.jpeg","datePublished":"2025-07-11T12:43:34+00:00","dateModified":"2026-02-03T12:34:32+00:00","description":"Verre Beldi marocain souffl\u00e9 \u00e0 la main, couleur marron, fabriqu\u00e9 \u00e0 partir de verre recycl\u00e9. S&#039;accorde parfaitement avec nos verres Beldi, verres \u00e0 vin Beldi, pichets et bols Beldi.","breadcrumb":{"@id":"https:\/\/tibladin.dk\/produkt\/glas-tumbler-brun-6-stk\/#breadcrumb"},"inLanguage":"fr-FR","potentialAction":[{"@type":"ReadAction","target":["https:\/\/tibladin.dk\/produkt\/glas-tumbler-brun-6-stk\/"]}]},{"@type":"ImageObject","inLanguage":"fr-FR","@id":"https:\/\/tibladin.dk\/produkt\/glas-tumbler-brun-6-stk\/#primaryimage","url":"https:\/\/tibladin.dk\/wp-content\/uploads\/2025\/07\/Photoroom_20250711_112843.jpeg","contentUrl":"https:\/\/tibladin.dk\/wp-content\/uploads\/2025\/07\/Photoroom_20250711_112843.jpeg","width":2000,"height":2000,"caption":"beldi tumbler glas brun 1"},{"@type":"BreadcrumbList","@id":"https:\/\/tibladin.dk\/produkt\/glas-tumbler-brun-6-stk\/#breadcrumb","itemListElement":[{"@type":"ListItem","position":1,"name":"Hjem","item":"https:\/\/tibladin.dk\/"},{"@type":"ListItem","position":2,"name":"Shop","item":"https:\/\/tibladin.dk\/shop\/"},{"@type":"ListItem","position":3,"name":"Glas TUMBLER brun &#8211; 6 stk."}]},{"@type":"WebSite","@id":"https:\/\/tibladin.dk\/#website","url":"https:\/\/tibladin.dk\/","name":"Tibladin","description":"Tibladin","publisher":{"@id":"https:\/\/tibladin.dk\/#organization"},"potentialAction":[{"@type":"SearchAction","target":{"@type":"EntryPoint","urlTemplate":"https:\/\/tibladin.dk\/?s={search_term_string}"},"query-input":{"@type":"PropertyValueSpecification","valueRequired":true,"valueName":"search_term_string"}}],"inLanguage":"fr-FR"},{"@type":"Organization","@id":"https:\/\/tibladin.dk\/#organization","name":"Tibladin","url":"https:\/\/tibladin.dk\/","logo":{"@type":"ImageObject","inLanguage":"fr-FR","@id":"https:\/\/tibladin.dk\/#\/schema\/logo\/image\/","url":"https:\/\/tibladin.dk\/wp-content\/uploads\/2022\/09\/tibladin_logo.svg","contentUrl":"https:\/\/tibladin.dk\/wp-content\/uploads\/2022\/09\/tibladin_logo.svg","caption":"Tibladin"},"image":{"@id":"https:\/\/tibladin.dk\/#\/schema\/logo\/image\/"}}]}},"_links":{"self":[{"href":"https:\/\/tibladin.dk\/fr\/wp-json\/wp\/v2\/product\/38430","targetHints":{"allow":["GET"]}}],"collection":[{"href":"https:\/\/tibladin.dk\/fr\/wp-json\/wp\/v2\/product"}],"about":[{"href":"https:\/\/tibladin.dk\/fr\/wp-json\/wp\/v2\/types\/product"}],"wp:featuredmedia":[{"embeddable":true,"href":"https:\/\/tibladin.dk\/fr\/wp-json\/wp\/v2\/media\/38364"}],"wp:attachment":[{"href":"https:\/\/tibladin.dk\/fr\/wp-json\/wp\/v2\/media?parent=38430"}],"wp:term":[{"taxonomy":"product_brand","embeddable":true,"href":"https:\/\/tibladin.dk\/fr\/wp-json\/wp\/v2\/product_brand?post=38430"},{"taxonomy":"product_cat","embeddable":true,"href":"https:\/\/tibladin.dk\/fr\/wp-json\/wp\/v2\/product_cat?post=38430"},{"taxonomy":"product_tag","embeddable":true,"href":"https:\/\/tibladin.dk\/fr\/wp-json\/wp\/v2\/product_tag?post=38430"}],"curies":[{"name":"wp","href":"https:\/\/api.w.org\/{rel}","templated":true}]}}