{"id":41404,"date":"2025-10-23T13:35:13","date_gmt":"2025-10-23T11:35:13","guid":{"rendered":"https:\/\/tibladin.dk\/?post_type=product&#038;p=41404"},"modified":"2025-10-27T15:17:31","modified_gmt":"2025-10-27T14:17:31","slug":"vase-en-terre-cuite-non-emaillee","status":"publish","type":"product","link":"https:\/\/tibladin.dk\/fr\/produkt\/vase-i-uglaseret-tamegroute-terra\/","title":{"rendered":"Vase en Tamegroute non \u00e9maill\u00e9-TERRA"},"content":{"rendered":"<div class=\"wpb-content-wrapper\"><div class=\"vc_row wpb_row vc_row-fluid\"><div class=\"wpb_column vc_column_container vc_col-sm-4\"><div class=\"vc_column-inner\"><div class=\"wpb_wrapper\"><\/div><\/div><\/div><div class=\"wpb_column vc_column_container vc_col-sm-4\"><div class=\"vc_column-inner\"><div class=\"wpb_wrapper\"><h3 style=\"text-align: left\" class=\"vc_custom_heading vc_do_custom_heading\" >Entretien<\/h3>\n\t<div class=\"wpb_text_column wpb_content_element\" >\n\t\t<div class=\"wpb_wrapper\">\n\t\t\t<p>Peut \u00eatre essuy\u00e9 avec un chiffon \u00e0 poussi\u00e8re.<\/p>\n\n\t\t<\/div>\n\t<\/div>\n<\/div><\/div><\/div><div class=\"wpb_column vc_column_container vc_col-sm-4\"><div class=\"vc_column-inner\"><div class=\"wpb_wrapper\"><h3 style=\"text-align: left\" class=\"vc_custom_heading vc_do_custom_heading\" >L&#039;histoire derri\u00e8re<\/h3>\n\t<div class=\"wpb_text_column wpb_content_element\" >\n\t\t<div class=\"wpb_wrapper\">\n\t\t\t<p>La poterie Tamegroute est une mani\u00e8re traditionnelle de fabriquer de la poterie originaire des Marocains de la r\u00e9gion de Zagora. La mani\u00e8re dont elle est fabriqu\u00e9e et sa couleur verte unique sont ce qui caract\u00e9rise le mieux la c\u00e9ramique. De par sa fabrication, la c\u00e9ramique pr\u00e9sente une surface tr\u00e8s tactile. En m\u00eame temps qu'il est fabriqu\u00e9 \u00e0 la main, il peut \u00e9galement y avoir diverses petites variations dans les tailles, les couleurs et de la surface, ainsi que des imperfections dans la c\u00e9ramique. Cela fait partie du charme qu\u2019elle soit unique et donne plus de caract\u00e8re \u00e0 la c\u00e9ramique.<\/p>\n\n\t\t<\/div>\n\t<\/div>\n<\/div><\/div><\/div><\/div>\n<\/div>","protected":false},"excerpt":{"rendered":"<p>Brut et naturel \u2013 Tamegroute Terra est un vase unique en terre cuite non \u00e9maill\u00e9e, tourn\u00e9 \u00e0 la main et d\u00e9cor\u00e9 de galons de feuilles de palmier.<\/p>\n<p>L&#039;alliance de l&#039;argile grossi\u00e8re et des fibres naturelles douces cr\u00e9e une expression authentique et organique qui apporte la chaleur de l&#039;artisanat marocain \u00e0 votre int\u00e9rieur. Parfait seul comme d\u00e9coration sculpturale ou associ\u00e9 \u00e0 de la paille s\u00e9ch\u00e9e pour une touche boh\u00e8me authentique.<\/p>\n<p>Couleur : Sable naturel.<\/p>\n<p>Le vase ne peut pas contenir d&#039;eau et est donc seulement<br \/>\npour les fleurs s\u00e9ch\u00e9es.<\/p>\n<p>MESURES : H 23, D 10<\/p>","protected":false},"featured_media":41113,"template":"","meta":{"inline_featured_image":false},"product_brand":[],"product_cat":[138],"product_tag":[],"class_list":{"0":"post-41404","1":"product","2":"type-product","3":"status-publish","4":"has-post-thumbnail","6":"product_cat-tamegroute-keramik","8":"first","9":"instock","10":"taxable","11":"shipping-taxable","12":"purchasable","13":"product-type-simple"},"exclude_global_add_ons":false,"addons":[{"name":"Vous souhaitez un emballage cadeau ?","type":"checkbox","position":0,"required":false,"title_format":"label","default":"","description_enable":false,"description":"","placeholder_enable":false,"placeholder":"","display":"images","restrictions_type":"any_text","adjust_price":false,"price":"","price_type":"flat_fee","restrictions":false,"min":"0","max":"0","options":[{"label":"Ja tak","price":"10","price_type":"flat_fee","image":11015,"visibility":true}],"id":1669646111}],"yoast_head":"<!-- This site is optimized with the Yoast SEO plugin v27.4 - https:\/\/yoast.com\/product\/yoast-seo-wordpress\/ -->\n<title>Vase i uglaseret Tamegroute-TERRA<\/title>\n<meta name=\"description\" content=\"R\u00e5 og naturlig vase i uglaseret ler med h\u00e5ndflettede palmeblade. Et unikt marokkansk h\u00e5ndv\u00e6rk med autentisk, organisk udtryk i naturlig sandfarve.\" \/>\n<meta name=\"robots\" content=\"index, follow, max-snippet:-1, max-image-preview:large, max-video-preview:-1\" \/>\n<link rel=\"canonical\" href=\"https:\/\/tibladin.dk\/fr\/produit-4\/vase-en-terre-cuite-non-emaillee\/\" \/>\n<meta property=\"og:locale\" content=\"fr_FR\" \/>\n<meta property=\"og:type\" content=\"article\" \/>\n<meta property=\"og:title\" content=\"Vase i uglaseret Tamegroute-TERRA\" \/>\n<meta property=\"og:description\" content=\"R\u00e5 og naturlig vase i uglaseret ler med h\u00e5ndflettede palmeblade. Et unikt marokkansk h\u00e5ndv\u00e6rk med autentisk, organisk udtryk i naturlig sandfarve.\" \/>\n<meta property=\"og:url\" content=\"https:\/\/tibladin.dk\/fr\/produit-4\/vase-en-terre-cuite-non-emaillee\/\" \/>\n<meta property=\"og:site_name\" content=\"Tibladin\" \/>\n<meta property=\"article:modified_time\" content=\"2025-10-27T14:17:31+00:00\" \/>\n<meta property=\"og:image\" content=\"https:\/\/tibladin.dk\/wp-content\/uploads\/2025\/10\/Vase-i-uglaseret-Tamegroute-TERRA_1.jpg\" \/>\n\t<meta property=\"og:image:width\" content=\"800\" \/>\n\t<meta property=\"og:image:height\" content=\"800\" \/>\n\t<meta property=\"og:image:type\" content=\"image\/jpeg\" \/>\n<meta name=\"twitter:card\" content=\"summary_large_image\" \/>\n<meta name=\"twitter:label1\" content=\"Dur\u00e9e de lecture estim\u00e9e\" \/>\n\t<meta name=\"twitter:data1\" content=\"2 minutes\" \/>\n<script type=\"application\/ld+json\" class=\"yoast-schema-graph\">{\"@context\":\"https:\\\/\\\/schema.org\",\"@graph\":[{\"@type\":\"WebPage\",\"@id\":\"https:\\\/\\\/tibladin.dk\\\/produkt\\\/vase-i-uglaseret-tamegroute-terra\\\/\",\"url\":\"https:\\\/\\\/tibladin.dk\\\/produkt\\\/vase-i-uglaseret-tamegroute-terra\\\/\",\"name\":\"Vase i uglaseret Tamegroute-TERRA\",\"isPartOf\":{\"@id\":\"https:\\\/\\\/tibladin.dk\\\/#website\"},\"primaryImageOfPage\":{\"@id\":\"https:\\\/\\\/tibladin.dk\\\/produkt\\\/vase-i-uglaseret-tamegroute-terra\\\/#primaryimage\"},\"image\":{\"@id\":\"https:\\\/\\\/tibladin.dk\\\/produkt\\\/vase-i-uglaseret-tamegroute-terra\\\/#primaryimage\"},\"thumbnailUrl\":\"https:\\\/\\\/tibladin.dk\\\/wp-content\\\/uploads\\\/2025\\\/10\\\/Vase-i-uglaseret-Tamegroute-TERRA_1.jpg\",\"datePublished\":\"2025-10-23T11:35:13+00:00\",\"dateModified\":\"2025-10-27T14:17:31+00:00\",\"description\":\"R\u00e5 og naturlig vase i uglaseret ler med h\u00e5ndflettede palmeblade. Et unikt marokkansk h\u00e5ndv\u00e6rk med autentisk, organisk udtryk i naturlig sandfarve.\",\"breadcrumb\":{\"@id\":\"https:\\\/\\\/tibladin.dk\\\/produkt\\\/vase-i-uglaseret-tamegroute-terra\\\/#breadcrumb\"},\"inLanguage\":\"fr-FR\",\"potentialAction\":[{\"@type\":\"ReadAction\",\"target\":[\"https:\\\/\\\/tibladin.dk\\\/produkt\\\/vase-i-uglaseret-tamegroute-terra\\\/\"]}]},{\"@type\":\"ImageObject\",\"inLanguage\":\"fr-FR\",\"@id\":\"https:\\\/\\\/tibladin.dk\\\/produkt\\\/vase-i-uglaseret-tamegroute-terra\\\/#primaryimage\",\"url\":\"https:\\\/\\\/tibladin.dk\\\/wp-content\\\/uploads\\\/2025\\\/10\\\/Vase-i-uglaseret-Tamegroute-TERRA_1.jpg\",\"contentUrl\":\"https:\\\/\\\/tibladin.dk\\\/wp-content\\\/uploads\\\/2025\\\/10\\\/Vase-i-uglaseret-Tamegroute-TERRA_1.jpg\",\"width\":800,\"height\":800,\"caption\":\"Vase-i-uglaseret-Tamegroute-TERRA_1\"},{\"@type\":\"BreadcrumbList\",\"@id\":\"https:\\\/\\\/tibladin.dk\\\/produkt\\\/vase-i-uglaseret-tamegroute-terra\\\/#breadcrumb\",\"itemListElement\":[{\"@type\":\"ListItem\",\"position\":1,\"name\":\"Hjem\",\"item\":\"https:\\\/\\\/tibladin.dk\\\/\"},{\"@type\":\"ListItem\",\"position\":2,\"name\":\"Shop\",\"item\":\"https:\\\/\\\/tibladin.dk\\\/shop\\\/\"},{\"@type\":\"ListItem\",\"position\":3,\"name\":\"Vase i uglaseret Tamegroute-TERRA\"}]},{\"@type\":\"WebSite\",\"@id\":\"https:\\\/\\\/tibladin.dk\\\/#website\",\"url\":\"https:\\\/\\\/tibladin.dk\\\/\",\"name\":\"Tibladin\",\"description\":\"Tibladin\",\"publisher\":{\"@id\":\"https:\\\/\\\/tibladin.dk\\\/#organization\"},\"potentialAction\":[{\"@type\":\"SearchAction\",\"target\":{\"@type\":\"EntryPoint\",\"urlTemplate\":\"https:\\\/\\\/tibladin.dk\\\/?s={search_term_string}\"},\"query-input\":{\"@type\":\"PropertyValueSpecification\",\"valueRequired\":true,\"valueName\":\"search_term_string\"}}],\"inLanguage\":\"fr-FR\"},{\"@type\":\"Organization\",\"@id\":\"https:\\\/\\\/tibladin.dk\\\/#organization\",\"name\":\"Tibladin\",\"url\":\"https:\\\/\\\/tibladin.dk\\\/\",\"logo\":{\"@type\":\"ImageObject\",\"inLanguage\":\"fr-FR\",\"@id\":\"https:\\\/\\\/tibladin.dk\\\/#\\\/schema\\\/logo\\\/image\\\/\",\"url\":\"https:\\\/\\\/tibladin.dk\\\/wp-content\\\/uploads\\\/2022\\\/09\\\/tibladin_logo.svg\",\"contentUrl\":\"https:\\\/\\\/tibladin.dk\\\/wp-content\\\/uploads\\\/2022\\\/09\\\/tibladin_logo.svg\",\"caption\":\"Tibladin\"},\"image\":{\"@id\":\"https:\\\/\\\/tibladin.dk\\\/#\\\/schema\\\/logo\\\/image\\\/\"}}]}<\/script>\n<!-- \/ Yoast SEO plugin. -->","yoast_head_json":{"title":"Vase en Tamegroute non \u00e9maill\u00e9-TERRA","description":"Vase brut et naturel en argile non \u00e9maill\u00e9e, orn\u00e9 de feuilles de palmier tress\u00e9es \u00e0 la main. Un artisanat marocain unique, \u00e0 l&#039;expression authentique et organique, dans une couleur sable naturelle.","robots":{"index":"index","follow":"follow","max-snippet":"max-snippet:-1","max-image-preview":"max-image-preview:large","max-video-preview":"max-video-preview:-1"},"canonical":"https:\/\/tibladin.dk\/fr\/produit-4\/vase-en-terre-cuite-non-emaillee\/","og_locale":"fr_FR","og_type":"article","og_title":"Vase i uglaseret Tamegroute-TERRA","og_description":"R\u00e5 og naturlig vase i uglaseret ler med h\u00e5ndflettede palmeblade. Et unikt marokkansk h\u00e5ndv\u00e6rk med autentisk, organisk udtryk i naturlig sandfarve.","og_url":"https:\/\/tibladin.dk\/fr\/produit-4\/vase-en-terre-cuite-non-emaillee\/","og_site_name":"Tibladin","article_modified_time":"2025-10-27T14:17:31+00:00","og_image":[{"width":800,"height":800,"url":"https:\/\/tibladin.dk\/wp-content\/uploads\/2025\/10\/Vase-i-uglaseret-Tamegroute-TERRA_1.jpg","type":"image\/jpeg"}],"twitter_card":"summary_large_image","twitter_misc":{"Dur\u00e9e de lecture estim\u00e9e":"2 minutes"},"schema":{"@context":"https:\/\/schema.org","@graph":[{"@type":"WebPage","@id":"https:\/\/tibladin.dk\/produkt\/vase-i-uglaseret-tamegroute-terra\/","url":"https:\/\/tibladin.dk\/produkt\/vase-i-uglaseret-tamegroute-terra\/","name":"Vase en Tamegroute non \u00e9maill\u00e9-TERRA","isPartOf":{"@id":"https:\/\/tibladin.dk\/#website"},"primaryImageOfPage":{"@id":"https:\/\/tibladin.dk\/produkt\/vase-i-uglaseret-tamegroute-terra\/#primaryimage"},"image":{"@id":"https:\/\/tibladin.dk\/produkt\/vase-i-uglaseret-tamegroute-terra\/#primaryimage"},"thumbnailUrl":"https:\/\/tibladin.dk\/wp-content\/uploads\/2025\/10\/Vase-i-uglaseret-Tamegroute-TERRA_1.jpg","datePublished":"2025-10-23T11:35:13+00:00","dateModified":"2025-10-27T14:17:31+00:00","description":"Vase brut et naturel en argile non \u00e9maill\u00e9e, orn\u00e9 de feuilles de palmier tress\u00e9es \u00e0 la main. Un artisanat marocain unique, \u00e0 l&#039;expression authentique et organique, dans une couleur sable naturelle.","breadcrumb":{"@id":"https:\/\/tibladin.dk\/produkt\/vase-i-uglaseret-tamegroute-terra\/#breadcrumb"},"inLanguage":"fr-FR","potentialAction":[{"@type":"ReadAction","target":["https:\/\/tibladin.dk\/produkt\/vase-i-uglaseret-tamegroute-terra\/"]}]},{"@type":"ImageObject","inLanguage":"fr-FR","@id":"https:\/\/tibladin.dk\/produkt\/vase-i-uglaseret-tamegroute-terra\/#primaryimage","url":"https:\/\/tibladin.dk\/wp-content\/uploads\/2025\/10\/Vase-i-uglaseret-Tamegroute-TERRA_1.jpg","contentUrl":"https:\/\/tibladin.dk\/wp-content\/uploads\/2025\/10\/Vase-i-uglaseret-Tamegroute-TERRA_1.jpg","width":800,"height":800,"caption":"Vase-i-uglaseret-Tamegroute-TERRA_1"},{"@type":"BreadcrumbList","@id":"https:\/\/tibladin.dk\/produkt\/vase-i-uglaseret-tamegroute-terra\/#breadcrumb","itemListElement":[{"@type":"ListItem","position":1,"name":"Hjem","item":"https:\/\/tibladin.dk\/"},{"@type":"ListItem","position":2,"name":"Shop","item":"https:\/\/tibladin.dk\/shop\/"},{"@type":"ListItem","position":3,"name":"Vase i uglaseret Tamegroute-TERRA"}]},{"@type":"WebSite","@id":"https:\/\/tibladin.dk\/#website","url":"https:\/\/tibladin.dk\/","name":"Tibladin","description":"Tibladin","publisher":{"@id":"https:\/\/tibladin.dk\/#organization"},"potentialAction":[{"@type":"SearchAction","target":{"@type":"EntryPoint","urlTemplate":"https:\/\/tibladin.dk\/?s={search_term_string}"},"query-input":{"@type":"PropertyValueSpecification","valueRequired":true,"valueName":"search_term_string"}}],"inLanguage":"fr-FR"},{"@type":"Organization","@id":"https:\/\/tibladin.dk\/#organization","name":"Tibladin","url":"https:\/\/tibladin.dk\/","logo":{"@type":"ImageObject","inLanguage":"fr-FR","@id":"https:\/\/tibladin.dk\/#\/schema\/logo\/image\/","url":"https:\/\/tibladin.dk\/wp-content\/uploads\/2022\/09\/tibladin_logo.svg","contentUrl":"https:\/\/tibladin.dk\/wp-content\/uploads\/2022\/09\/tibladin_logo.svg","caption":"Tibladin"},"image":{"@id":"https:\/\/tibladin.dk\/#\/schema\/logo\/image\/"}}]}},"_links":{"self":[{"href":"https:\/\/tibladin.dk\/fr\/wp-json\/wp\/v2\/product\/41404","targetHints":{"allow":["GET"]}}],"collection":[{"href":"https:\/\/tibladin.dk\/fr\/wp-json\/wp\/v2\/product"}],"about":[{"href":"https:\/\/tibladin.dk\/fr\/wp-json\/wp\/v2\/types\/product"}],"wp:featuredmedia":[{"embeddable":true,"href":"https:\/\/tibladin.dk\/fr\/wp-json\/wp\/v2\/media\/41113"}],"wp:attachment":[{"href":"https:\/\/tibladin.dk\/fr\/wp-json\/wp\/v2\/media?parent=41404"}],"wp:term":[{"taxonomy":"product_brand","embeddable":true,"href":"https:\/\/tibladin.dk\/fr\/wp-json\/wp\/v2\/product_brand?post=41404"},{"taxonomy":"product_cat","embeddable":true,"href":"https:\/\/tibladin.dk\/fr\/wp-json\/wp\/v2\/product_cat?post=41404"},{"taxonomy":"product_tag","embeddable":true,"href":"https:\/\/tibladin.dk\/fr\/wp-json\/wp\/v2\/product_tag?post=41404"}],"curies":[{"name":"wp","href":"https:\/\/api.w.org\/{rel}","templated":true}]}}