{"id":2728,"date":"2022-09-20T11:18:40","date_gmt":"2022-09-20T09:18:40","guid":{"rendered":"https:\/\/tibladin.dk\/?post_type=product&#038;p=2728"},"modified":"2025-12-19T10:22:17","modified_gmt":"2025-12-19T09:22:17","slug":"puff-i-lyst-naturskinn-mini","status":"publish","type":"product","link":"https:\/\/tibladin.dk\/nb\/produkt\/puf-i-lys-naturlaeder-mini\/","title":{"rendered":"Puff i lyst, naturlig skinn, mini"},"content":{"rendered":"<div class=\"wpb-content-wrapper\"><div class=\"vc_row wpb_row vc_row-fluid\"><div class=\"wpb_column vc_column_container vc_col-sm-4\"><div class=\"vc_column-inner\"><div class=\"wpb_wrapper\"><h3 style=\"text-align: left\" class=\"vc_custom_heading vc_do_custom_heading\" >Andre marokkanske skinnpuffer<\/h3>\n\t<div class=\"wpb_text_column wpb_content_element\" >\n\t\t<div class=\"wpb_wrapper\">\n\t\t\t<p>Er du usikker p\u00e5 om du b\u00f8r kj\u00f8pe denne minipuffen med lyst naturskinn?<\/p>\n<p>S\u00e5 ta en titt p\u00e5 v\u00e5r\u00a0<a href=\"https:\/\/tibladin.dk\/nb\/produktkategori-2\/interioer\/moebler\/poff\/skinnpuffer\/\">side med alle v\u00e5re skinnpuffer<\/a>. Her finner du vakre skinnpuffer i flere forskjellige farger og former. Vi har ogs\u00e5 noen f\u00e5\u00a0<a href=\"https:\/\/tibladin.dk\/nb\/produktkategori-2\/interioer\/moebler\/poff\/ullpuff\/\">Vakre marokkanske puffer i ull<\/a>, som passer perfekt til et skandinavisk interi\u00f8r.<\/p>\n\n\t\t<\/div>\n\t<\/div>\n<\/div><\/div><\/div><div class=\"wpb_column vc_column_container vc_col-sm-4\"><div class=\"vc_column-inner\"><div class=\"wpb_wrapper\"><h3 style=\"text-align: left\" class=\"vc_custom_heading vc_do_custom_heading\" >Vedlikehold<\/h3>\n\t<div class=\"wpb_text_column wpb_content_element\" >\n\t\t<div class=\"wpb_wrapper\">\n\t\t\t<p>Skinnet p\u00e5 denne marokkanske puffen er laget av geiteskinn og vil etter hvert utvikle en vakker patina. Hvis du vil at puffen skal v\u00e6re m\u00f8rkere og mer skinnende, kan du gi den litt l\u00e6rolje. N\u00e5r du begynner \u00e5 bruke den, kan den lukte litt av l\u00e6r. Dette vil raskt forsvinne. Hvis du vil fremskynde prosessen, kan du legge den ut i solen en stund, s\u00e5 vil det forsvinne.<\/p>\n\n\t\t<\/div>\n\t<\/div>\n<\/div><\/div><\/div><div class=\"wpb_column vc_column_container vc_col-sm-4\"><div class=\"vc_column-inner\"><div class=\"wpb_wrapper\"><h3 style=\"text-align: left\" class=\"vc_custom_heading vc_do_custom_heading\" >Historien bak<\/h3>\n\t<div class=\"wpb_text_column wpb_content_element\" >\n\t\t<div class=\"wpb_wrapper\">\n\t\t\t<p>Sm\u00e5 puffer er enkle \u00e5 legge til i innredningen din og gir raskt et eksotisk utseende og et mer personlig preg. Min leverand\u00f8r av skinnpuffer har mange \u00e5rs erfaring med \u00e5 lage gode og sv\u00e6rt slitesterke puffer, og han eksporterer til flere steder rundt om i verden. Alle puffene mine er laget av geiteskinn, da det er dette som gir den mykeste og mest fleksible puffen.<\/p>\n\n\t\t<\/div>\n\t<\/div>\n<\/div><\/div><\/div><\/div>\n<\/div>","protected":false},"excerpt":{"rendered":"<p>Som noe helt nytt har vi vakkert lyst\/beige naturskinn.\u00a0<span class=\"s1\">Puffen er brodert med et vakkert og detaljert m\u00f8nster p\u00e5 toppen. Denne modellen er en minimodell p\u00e5 35 cm i diameter. Perfekt for barnerommet.<\/span><\/p>\n<p>Enkelt og naturlig som passer godt til det stilige utseendet.<\/p>\n<p>Du kan ogs\u00e5 f\u00e5 denne i en vanlig modell og en h\u00f8y modell.<\/p>","protected":false},"featured_media":11602,"template":"","meta":{"inline_featured_image":false},"product_brand":[],"product_cat":[41,40],"product_tag":[],"class_list":{"0":"post-2728","1":"product","2":"type-product","3":"status-publish","4":"has-post-thumbnail","6":"product_cat-laederpufs","7":"product_cat-pufs","9":"first","10":"instock","11":"taxable","12":"shipping-taxable","13":"purchasable","14":"product-type-simple"},"exclude_global_add_ons":false,"addons":[{"name":"\u00d8nsker du at puffen din leveres med treullfyll?","type":"checkbox","position":0,"required":false,"title_format":"label","default":"","description_enable":false,"description":"","placeholder_enable":false,"placeholder":"","display":"select","restrictions_type":"any_text","adjust_price":false,"price":"","price_type":"flat_fee","restrictions":false,"min":"0","max":"0","options":[{"label":"Ja tak!","price":"150.00","price_type":"flat_fee","image":0,"visibility":true}],"id":1710621309}],"yoast_head":"<!-- This site is optimized with the Yoast SEO plugin v27.4 - https:\/\/yoast.com\/product\/yoast-seo-wordpress\/ -->\n<title>Marokkansk puf | Lys naturfarvet l\u00e6der | mini udgave | Tibladin<\/title>\n<meta name=\"description\" content=\"Marokkansk puf i en s\u00f8d mini udgave.\u00a0Perfekt til b\u00f8rnev\u00e6relset | Med ekstra syninger for en god holdbarhed. F\u00e5es i flere st\u00f8rrelser \u21d2 K\u00f8b her!\" \/>\n<meta name=\"robots\" content=\"index, follow, max-snippet:-1, max-image-preview:large, max-video-preview:-1\" \/>\n<link rel=\"canonical\" href=\"https:\/\/tibladin.dk\/nb\/produkt\/puff-i-lyst-naturskinn-mini\/\" \/>\n<meta property=\"og:locale\" content=\"nb_NO\" \/>\n<meta property=\"og:type\" content=\"article\" \/>\n<meta property=\"og:title\" content=\"Marokkansk puf | Lys naturfarvet l\u00e6der | mini udgave | Tibladin\" \/>\n<meta property=\"og:description\" content=\"Marokkansk puf i en s\u00f8d mini udgave.\u00a0Perfekt til b\u00f8rnev\u00e6relset | Med ekstra syninger for en god holdbarhed. F\u00e5es i flere st\u00f8rrelser \u21d2 K\u00f8b her!\" \/>\n<meta property=\"og:url\" content=\"https:\/\/tibladin.dk\/nb\/produkt\/puff-i-lyst-naturskinn-mini\/\" \/>\n<meta property=\"og:site_name\" content=\"Tibladin\" \/>\n<meta property=\"article:modified_time\" content=\"2025-12-19T09:22:17+00:00\" \/>\n<meta property=\"og:image\" content=\"https:\/\/tibladin.dk\/wp-content\/uploads\/2022\/09\/Marokkansk-puf_naturel-mini.jpg\" \/>\n\t<meta property=\"og:image:width\" content=\"800\" \/>\n\t<meta property=\"og:image:height\" content=\"800\" \/>\n\t<meta property=\"og:image:type\" content=\"image\/jpeg\" \/>\n<meta name=\"twitter:card\" content=\"summary_large_image\" \/>\n<meta name=\"twitter:label1\" content=\"Ansl. lesetid\" \/>\n\t<meta name=\"twitter:data1\" content=\"2 minutter\" \/>\n<script type=\"application\/ld+json\" class=\"yoast-schema-graph\">{\"@context\":\"https:\\\/\\\/schema.org\",\"@graph\":[{\"@type\":\"WebPage\",\"@id\":\"https:\\\/\\\/tibladin.dk\\\/produkt\\\/puf-i-lys-naturlaeder-mini\\\/\",\"url\":\"https:\\\/\\\/tibladin.dk\\\/produkt\\\/puf-i-lys-naturlaeder-mini\\\/\",\"name\":\"Marokkansk puf | Lys naturfarvet l\u00e6der | mini udgave | Tibladin\",\"isPartOf\":{\"@id\":\"https:\\\/\\\/tibladin.dk\\\/#website\"},\"primaryImageOfPage\":{\"@id\":\"https:\\\/\\\/tibladin.dk\\\/produkt\\\/puf-i-lys-naturlaeder-mini\\\/#primaryimage\"},\"image\":{\"@id\":\"https:\\\/\\\/tibladin.dk\\\/produkt\\\/puf-i-lys-naturlaeder-mini\\\/#primaryimage\"},\"thumbnailUrl\":\"https:\\\/\\\/tibladin.dk\\\/wp-content\\\/uploads\\\/2022\\\/09\\\/Marokkansk-puf_naturel-mini.jpg\",\"datePublished\":\"2022-09-20T09:18:40+00:00\",\"dateModified\":\"2025-12-19T09:22:17+00:00\",\"description\":\"Marokkansk puf i en s\u00f8d mini udgave.\u00a0Perfekt til b\u00f8rnev\u00e6relset | Med ekstra syninger for en god holdbarhed. F\u00e5es i flere st\u00f8rrelser \u21d2 K\u00f8b her!\",\"breadcrumb\":{\"@id\":\"https:\\\/\\\/tibladin.dk\\\/produkt\\\/puf-i-lys-naturlaeder-mini\\\/#breadcrumb\"},\"inLanguage\":\"nb-NO\",\"potentialAction\":[{\"@type\":\"ReadAction\",\"target\":[\"https:\\\/\\\/tibladin.dk\\\/produkt\\\/puf-i-lys-naturlaeder-mini\\\/\"]}]},{\"@type\":\"ImageObject\",\"inLanguage\":\"nb-NO\",\"@id\":\"https:\\\/\\\/tibladin.dk\\\/produkt\\\/puf-i-lys-naturlaeder-mini\\\/#primaryimage\",\"url\":\"https:\\\/\\\/tibladin.dk\\\/wp-content\\\/uploads\\\/2022\\\/09\\\/Marokkansk-puf_naturel-mini.jpg\",\"contentUrl\":\"https:\\\/\\\/tibladin.dk\\\/wp-content\\\/uploads\\\/2022\\\/09\\\/Marokkansk-puf_naturel-mini.jpg\",\"width\":800,\"height\":800,\"caption\":\"marokkansk puf mini\"},{\"@type\":\"BreadcrumbList\",\"@id\":\"https:\\\/\\\/tibladin.dk\\\/produkt\\\/puf-i-lys-naturlaeder-mini\\\/#breadcrumb\",\"itemListElement\":[{\"@type\":\"ListItem\",\"position\":1,\"name\":\"Hjem\",\"item\":\"https:\\\/\\\/tibladin.dk\\\/\"},{\"@type\":\"ListItem\",\"position\":2,\"name\":\"Shop\",\"item\":\"https:\\\/\\\/tibladin.dk\\\/shop\\\/\"},{\"@type\":\"ListItem\",\"position\":3,\"name\":\"Puf i lys naturl\u00e6der mini\"}]},{\"@type\":\"WebSite\",\"@id\":\"https:\\\/\\\/tibladin.dk\\\/#website\",\"url\":\"https:\\\/\\\/tibladin.dk\\\/\",\"name\":\"Tibladin\",\"description\":\"Tibladin\",\"publisher\":{\"@id\":\"https:\\\/\\\/tibladin.dk\\\/#organization\"},\"potentialAction\":[{\"@type\":\"SearchAction\",\"target\":{\"@type\":\"EntryPoint\",\"urlTemplate\":\"https:\\\/\\\/tibladin.dk\\\/?s={search_term_string}\"},\"query-input\":{\"@type\":\"PropertyValueSpecification\",\"valueRequired\":true,\"valueName\":\"search_term_string\"}}],\"inLanguage\":\"nb-NO\"},{\"@type\":\"Organization\",\"@id\":\"https:\\\/\\\/tibladin.dk\\\/#organization\",\"name\":\"Tibladin\",\"url\":\"https:\\\/\\\/tibladin.dk\\\/\",\"logo\":{\"@type\":\"ImageObject\",\"inLanguage\":\"nb-NO\",\"@id\":\"https:\\\/\\\/tibladin.dk\\\/#\\\/schema\\\/logo\\\/image\\\/\",\"url\":\"https:\\\/\\\/tibladin.dk\\\/wp-content\\\/uploads\\\/2022\\\/09\\\/tibladin_logo.svg\",\"contentUrl\":\"https:\\\/\\\/tibladin.dk\\\/wp-content\\\/uploads\\\/2022\\\/09\\\/tibladin_logo.svg\",\"caption\":\"Tibladin\"},\"image\":{\"@id\":\"https:\\\/\\\/tibladin.dk\\\/#\\\/schema\\\/logo\\\/image\\\/\"}}]}<\/script>\n<!-- \/ Yoast SEO plugin. -->","yoast_head_json":{"title":"Marokkansk puff | Lett naturskinn | miniversjon | Tibladin","description":"Marokkansk puff i en s\u00f8t miniversjon. Perfekt til barnerommet | Med ekstra s\u00f8m for holdbarhet. Finnes i flere st\u00f8rrelser \u21d2 Kj\u00f8p her!","robots":{"index":"index","follow":"follow","max-snippet":"max-snippet:-1","max-image-preview":"max-image-preview:large","max-video-preview":"max-video-preview:-1"},"canonical":"https:\/\/tibladin.dk\/nb\/produkt\/puff-i-lyst-naturskinn-mini\/","og_locale":"nb_NO","og_type":"article","og_title":"Marokkansk puf | Lys naturfarvet l\u00e6der | mini udgave | Tibladin","og_description":"Marokkansk puf i en s\u00f8d mini udgave.\u00a0Perfekt til b\u00f8rnev\u00e6relset | Med ekstra syninger for en god holdbarhed. F\u00e5es i flere st\u00f8rrelser \u21d2 K\u00f8b her!","og_url":"https:\/\/tibladin.dk\/nb\/produkt\/puff-i-lyst-naturskinn-mini\/","og_site_name":"Tibladin","article_modified_time":"2025-12-19T09:22:17+00:00","og_image":[{"width":800,"height":800,"url":"https:\/\/tibladin.dk\/wp-content\/uploads\/2022\/09\/Marokkansk-puf_naturel-mini.jpg","type":"image\/jpeg"}],"twitter_card":"summary_large_image","twitter_misc":{"Ansl. lesetid":"2 minutter"},"schema":{"@context":"https:\/\/schema.org","@graph":[{"@type":"WebPage","@id":"https:\/\/tibladin.dk\/produkt\/puf-i-lys-naturlaeder-mini\/","url":"https:\/\/tibladin.dk\/produkt\/puf-i-lys-naturlaeder-mini\/","name":"Marokkansk puff | Lett naturskinn | miniversjon | Tibladin","isPartOf":{"@id":"https:\/\/tibladin.dk\/#website"},"primaryImageOfPage":{"@id":"https:\/\/tibladin.dk\/produkt\/puf-i-lys-naturlaeder-mini\/#primaryimage"},"image":{"@id":"https:\/\/tibladin.dk\/produkt\/puf-i-lys-naturlaeder-mini\/#primaryimage"},"thumbnailUrl":"https:\/\/tibladin.dk\/wp-content\/uploads\/2022\/09\/Marokkansk-puf_naturel-mini.jpg","datePublished":"2022-09-20T09:18:40+00:00","dateModified":"2025-12-19T09:22:17+00:00","description":"Marokkansk puff i en s\u00f8t miniversjon. Perfekt til barnerommet | Med ekstra s\u00f8m for holdbarhet. Finnes i flere st\u00f8rrelser \u21d2 Kj\u00f8p her!","breadcrumb":{"@id":"https:\/\/tibladin.dk\/produkt\/puf-i-lys-naturlaeder-mini\/#breadcrumb"},"inLanguage":"nb-NO","potentialAction":[{"@type":"ReadAction","target":["https:\/\/tibladin.dk\/produkt\/puf-i-lys-naturlaeder-mini\/"]}]},{"@type":"ImageObject","inLanguage":"nb-NO","@id":"https:\/\/tibladin.dk\/produkt\/puf-i-lys-naturlaeder-mini\/#primaryimage","url":"https:\/\/tibladin.dk\/wp-content\/uploads\/2022\/09\/Marokkansk-puf_naturel-mini.jpg","contentUrl":"https:\/\/tibladin.dk\/wp-content\/uploads\/2022\/09\/Marokkansk-puf_naturel-mini.jpg","width":800,"height":800,"caption":"marokkansk puf mini"},{"@type":"BreadcrumbList","@id":"https:\/\/tibladin.dk\/produkt\/puf-i-lys-naturlaeder-mini\/#breadcrumb","itemListElement":[{"@type":"ListItem","position":1,"name":"Hjem","item":"https:\/\/tibladin.dk\/"},{"@type":"ListItem","position":2,"name":"Shop","item":"https:\/\/tibladin.dk\/shop\/"},{"@type":"ListItem","position":3,"name":"Puf i lys naturl\u00e6der mini"}]},{"@type":"WebSite","@id":"https:\/\/tibladin.dk\/#website","url":"https:\/\/tibladin.dk\/","name":"Tibladin","description":"Tibladin","publisher":{"@id":"https:\/\/tibladin.dk\/#organization"},"potentialAction":[{"@type":"SearchAction","target":{"@type":"EntryPoint","urlTemplate":"https:\/\/tibladin.dk\/?s={search_term_string}"},"query-input":{"@type":"PropertyValueSpecification","valueRequired":true,"valueName":"search_term_string"}}],"inLanguage":"nb-NO"},{"@type":"Organization","@id":"https:\/\/tibladin.dk\/#organization","name":"Tibladin","url":"https:\/\/tibladin.dk\/","logo":{"@type":"ImageObject","inLanguage":"nb-NO","@id":"https:\/\/tibladin.dk\/#\/schema\/logo\/image\/","url":"https:\/\/tibladin.dk\/wp-content\/uploads\/2022\/09\/tibladin_logo.svg","contentUrl":"https:\/\/tibladin.dk\/wp-content\/uploads\/2022\/09\/tibladin_logo.svg","caption":"Tibladin"},"image":{"@id":"https:\/\/tibladin.dk\/#\/schema\/logo\/image\/"}}]}},"_links":{"self":[{"href":"https:\/\/tibladin.dk\/nb\/wp-json\/wp\/v2\/product\/2728","targetHints":{"allow":["GET"]}}],"collection":[{"href":"https:\/\/tibladin.dk\/nb\/wp-json\/wp\/v2\/product"}],"about":[{"href":"https:\/\/tibladin.dk\/nb\/wp-json\/wp\/v2\/types\/product"}],"wp:featuredmedia":[{"embeddable":true,"href":"https:\/\/tibladin.dk\/nb\/wp-json\/wp\/v2\/media\/11602"}],"wp:attachment":[{"href":"https:\/\/tibladin.dk\/nb\/wp-json\/wp\/v2\/media?parent=2728"}],"wp:term":[{"taxonomy":"product_brand","embeddable":true,"href":"https:\/\/tibladin.dk\/nb\/wp-json\/wp\/v2\/product_brand?post=2728"},{"taxonomy":"product_cat","embeddable":true,"href":"https:\/\/tibladin.dk\/nb\/wp-json\/wp\/v2\/product_cat?post=2728"},{"taxonomy":"product_tag","embeddable":true,"href":"https:\/\/tibladin.dk\/nb\/wp-json\/wp\/v2\/product_tag?post=2728"}],"curies":[{"name":"wp","href":"https:\/\/api.w.org\/{rel}","templated":true}]}}