{"id":43287,"date":"2026-02-16T17:58:15","date_gmt":"2026-02-16T16:58:15","guid":{"rendered":"https:\/\/tibladin.dk\/?post_type=product&#038;p=43287"},"modified":"2026-02-19T13:00:21","modified_gmt":"2026-02-19T12:00:21","slug":"sprei-nayima-230x240-cm-incl-2-kussens-met-vulling","status":"publish","type":"product","link":"https:\/\/tibladin.dk\/nl\/produkt\/sengetaeppe-nayima-230x240-cm-inkl-2-puder-m-fyld\/","title":{"rendered":"Sprei Nayima \u2013 230\u00d7240 cm. incl. 2 kussens met vulling"},"content":{"rendered":"<div class=\"wpb-content-wrapper\"><div class=\"vc_row wpb_row vc_row-fluid\"><div class=\"wpb_column vc_column_container vc_col-sm-4\"><div class=\"vc_column-inner\"><div class=\"wpb_wrapper\"><h3 style=\"text-align: left\" class=\"vc_custom_heading vc_do_custom_heading\" >Onderhoud<\/h3>\n\t<div class=\"wpb_text_column wpb_content_element\" >\n\t\t<div class=\"wpb_wrapper\">\n\t\t\t<p>Kan gewassen worden op 40 graden in de machine. Omdat het vloerkleed handgeweven is, is het aan te raden om het voorzichtig te wassen op 30 graden, omdat het bij een hogere temperatuur mogelijk van structuur verandert.<\/p>\n\n\t\t<\/div>\n\t<\/div>\n<\/div><\/div><\/div><div class=\"wpb_column vc_column_container vc_col-sm-4\"><div class=\"vc_column-inner\"><div class=\"wpb_wrapper\"><h3 style=\"text-align: left\" class=\"vc_custom_heading vc_do_custom_heading\" >Het verhaal erachter<\/h3>\n\t<div class=\"wpb_text_column wpb_content_element\" >\n\t\t<div class=\"wpb_wrapper\">\n\t\t\t<p>Een sprei is een goede decoratie in een slaapkamer. Daarnaast is het fantastisch om een bed mee te bedekken, of het nu rommelig is of niet, spreien geven je slaapkamer een mooie en opgeruimde uitstraling.<\/p>\n<p>Deze Marokkaanse sprei maakt deel uit van een serie met andere spreien, bijvoorbeeld:, <a href=\"https:\/\/tibladin.dk\/nl\/product-2\/sprei-tot-240x260-incl-2-kussens\/\">ZOVER<\/a> En <a href=\"https:\/\/tibladin.dk\/nl\/product-2\/sprei-aswad-240x260-incl-2-kussens\/\">ASWAD<\/a>. Ze zijn gemaakt in de beste kwaliteit, ontworpen in samenwerking met onze ontwerper met zijn eigen atelier in Marrakech. Wij besteden veel zorg aan het ontwerpen van Marokkaanse spreien die passen in een modern, Scandinavisch interieur.<\/p>\n\n\t\t<\/div>\n\t<\/div>\n<\/div><\/div><\/div><\/div>\n<\/div>","protected":false},"excerpt":{"rendered":"<p data-start=\"55\" data-end=\"264\">Cre\u00eber een rustige en harmonieuze sfeer in je slaapkamer met deze elegante sprei. <em data-start=\"138\" data-end=\"146\">Nayima<\/em>. De naam betekent <em data-start=\"163\" data-end=\"173\">vredevol<\/em> In het Arabisch \u2013 een prachtige en treffende beschrijving van de ingetogen kleuren en de kalme uitstraling van het tapijt.<\/p>\n<p data-start=\"266\" data-end=\"619\">De sprei is handgeweven in Marrakech van 100% katoen in een prachtige, stoffige grijze tint met brede, natuurlijke witte strepen. Het eenvoudige en tijdloze ontwerp geeft een stijlvolle uitstraling die perfect past in zowel moderne, Scandinavische als klassieke interieurs. De fijne weefstructuur getuigt van echt vakmanschap en geeft de sprei een exclusief en levendig oppervlak.<\/p>\n<p data-start=\"621\" data-end=\"853\">Met de doelen <strong data-start=\"632\" data-end=\"648\">230 x 240 cm<\/strong> De sprei valt prachtig en royaal over de zijkanten en past perfect op een tweepersoonsbed. De solide kwaliteit en het gewicht van <strong data-start=\"773\" data-end=\"781\">4 kg<\/strong> Het dekentje heeft een prettig gewicht, waardoor het elegant en glad over het bed ligt.<\/p>\n<p data-start=\"855\" data-end=\"1111\">De bijpassende kussens in hetzelfde grijs-witte streepdesign maken de look compleet en cre\u00ebren een uitnodigende sfeer in de slaapkamer. De kussens hebben mooie decoratieve details die bij de sprei passen. De kussens worden geleverd inclusief vulling, zodat zowel de sprei als de kussens direct klaar zijn voor gebruik.<\/p>\n<p data-start=\"1113\" data-end=\"1289\" data-is-last-node=\"\" data-is-only-node=\"\"><em data-start=\"1113\" data-end=\"1121\">Nayima<\/em> Dit decoratieve en tijdloze sprei combineert traditioneel vakmanschap met Scandinavische esthetiek \u2013 perfect voor wie rust, kwaliteit en karakter in zijn interieur wil.<\/p>\n<p>Met deze tijdloze sprei kunt u uw interieur eenvoudig transformeren en de kamer een completere en harmonieuzere uitstraling geven. Een enkele laag textiel over het bed zorgt direct voor rust, warmte en balans in de kamer \u2013 en fungeert als een verbindend element tussen de muren, vloer en andere meubels. Het is een gemakkelijke manier om de slaapkamer op te frissen \u2013 zonder meubels te hoeven vervangen of de muren te hoeven schilderen. Met andere woorden, een sprei is een kleine investering met een groot visueel verschil.<\/p>","protected":false},"featured_media":43307,"template":"","meta":{"inline_featured_image":false},"product_brand":[],"product_cat":[38,37],"product_tag":[],"class_list":{"0":"post-43287","1":"product","2":"type-product","3":"status-publish","4":"has-post-thumbnail","6":"product_cat-sengetaepper","7":"product_cat-tekstiler","9":"first","10":"instock","11":"taxable","12":"shipping-taxable","13":"purchasable","14":"product-type-simple"},"exclude_global_add_ons":false,"addons":[{"name":"Wilt u een cadeauverpakking?","type":"checkbox","position":0,"required":false,"title_format":"label","default":"","description_enable":false,"description":"","placeholder_enable":false,"placeholder":"","display":"images","restrictions_type":"any_text","adjust_price":false,"price":"","price_type":"flat_fee","restrictions":false,"min":"0","max":"0","options":[{"label":"Ja tak","price":"10","price_type":"flat_fee","image":11015,"visibility":true}],"id":1669646111}],"yoast_head":"<!-- This site is optimized with the Yoast SEO plugin v27.4 - https:\/\/yoast.com\/product\/yoast-seo-wordpress\/ -->\n<title>Marokkansk senget\u00e6ppe NAYIMA | + 2 puder m. fyld | H\u00e5ndv\u00e6vet<\/title>\n<meta name=\"description\" content=\"Dekorativt marokkansk senget\u00e6ppe. H\u00e5ndv\u00e6vet i sandfarvet bomuld med sorte striber og hvide pomponer. Inkl 2 matchende pudebetr\u00e6k \u21d2 Se mere her\" \/>\n<meta name=\"robots\" content=\"index, follow, max-snippet:-1, max-image-preview:large, max-video-preview:-1\" \/>\n<link rel=\"canonical\" href=\"https:\/\/tibladin.dk\/nl\/product-2\/sprei-nayima-230x240-cm-incl-2-kussens-met-vulling\/\" \/>\n<meta property=\"og:locale\" content=\"nl_NL\" \/>\n<meta property=\"og:type\" content=\"article\" \/>\n<meta property=\"og:title\" content=\"Marokkansk senget\u00e6ppe NAYIMA | + 2 puder m. fyld | H\u00e5ndv\u00e6vet\" \/>\n<meta property=\"og:description\" content=\"Dekorativt marokkansk senget\u00e6ppe. H\u00e5ndv\u00e6vet i sandfarvet bomuld med sorte striber og hvide pomponer. Inkl 2 matchende pudebetr\u00e6k \u21d2 Se mere her\" \/>\n<meta property=\"og:url\" content=\"https:\/\/tibladin.dk\/nl\/product-2\/sprei-nayima-230x240-cm-incl-2-kussens-met-vulling\/\" \/>\n<meta property=\"og:site_name\" content=\"Tibladin\" \/>\n<meta property=\"article:modified_time\" content=\"2026-02-19T12:00:21+00:00\" \/>\n<meta property=\"og:image\" content=\"https:\/\/tibladin.dk\/wp-content\/uploads\/2026\/02\/NAYIMA_5.jpg\" \/>\n\t<meta property=\"og:image:width\" content=\"800\" \/>\n\t<meta property=\"og:image:height\" content=\"800\" \/>\n\t<meta property=\"og:image:type\" content=\"image\/jpeg\" \/>\n<meta name=\"twitter:card\" content=\"summary_large_image\" \/>\n<meta name=\"twitter:label1\" content=\"Geschatte leestijd\" \/>\n\t<meta name=\"twitter:data1\" content=\"2 minuten\" \/>\n<script type=\"application\/ld+json\" class=\"yoast-schema-graph\">{\"@context\":\"https:\\\/\\\/schema.org\",\"@graph\":[{\"@type\":\"WebPage\",\"@id\":\"https:\\\/\\\/tibladin.dk\\\/produkt\\\/sengetaeppe-nayima-230x240-cm-inkl-2-puder-m-fyld\\\/\",\"url\":\"https:\\\/\\\/tibladin.dk\\\/produkt\\\/sengetaeppe-nayima-230x240-cm-inkl-2-puder-m-fyld\\\/\",\"name\":\"Marokkansk senget\u00e6ppe NAYIMA | + 2 puder m. fyld | H\u00e5ndv\u00e6vet\",\"isPartOf\":{\"@id\":\"https:\\\/\\\/tibladin.dk\\\/#website\"},\"primaryImageOfPage\":{\"@id\":\"https:\\\/\\\/tibladin.dk\\\/produkt\\\/sengetaeppe-nayima-230x240-cm-inkl-2-puder-m-fyld\\\/#primaryimage\"},\"image\":{\"@id\":\"https:\\\/\\\/tibladin.dk\\\/produkt\\\/sengetaeppe-nayima-230x240-cm-inkl-2-puder-m-fyld\\\/#primaryimage\"},\"thumbnailUrl\":\"https:\\\/\\\/tibladin.dk\\\/wp-content\\\/uploads\\\/2026\\\/02\\\/NAYIMA_5.jpg\",\"datePublished\":\"2026-02-16T16:58:15+00:00\",\"dateModified\":\"2026-02-19T12:00:21+00:00\",\"description\":\"Dekorativt marokkansk senget\u00e6ppe. H\u00e5ndv\u00e6vet i sandfarvet bomuld med sorte striber og hvide pomponer. Inkl 2 matchende pudebetr\u00e6k \u21d2 Se mere her\",\"breadcrumb\":{\"@id\":\"https:\\\/\\\/tibladin.dk\\\/produkt\\\/sengetaeppe-nayima-230x240-cm-inkl-2-puder-m-fyld\\\/#breadcrumb\"},\"inLanguage\":\"nl-NL\",\"potentialAction\":[{\"@type\":\"ReadAction\",\"target\":[\"https:\\\/\\\/tibladin.dk\\\/produkt\\\/sengetaeppe-nayima-230x240-cm-inkl-2-puder-m-fyld\\\/\"]}]},{\"@type\":\"ImageObject\",\"inLanguage\":\"nl-NL\",\"@id\":\"https:\\\/\\\/tibladin.dk\\\/produkt\\\/sengetaeppe-nayima-230x240-cm-inkl-2-puder-m-fyld\\\/#primaryimage\",\"url\":\"https:\\\/\\\/tibladin.dk\\\/wp-content\\\/uploads\\\/2026\\\/02\\\/NAYIMA_5.jpg\",\"contentUrl\":\"https:\\\/\\\/tibladin.dk\\\/wp-content\\\/uploads\\\/2026\\\/02\\\/NAYIMA_5.jpg\",\"width\":800,\"height\":800,\"caption\":\"Smukt bomuldssenget\u00e6ppe h\u00e5ndlavet i Marokko. Gr\u00e5- og hvidstribet med pompommer i hvert hj\u00f8rne.\"},{\"@type\":\"BreadcrumbList\",\"@id\":\"https:\\\/\\\/tibladin.dk\\\/produkt\\\/sengetaeppe-nayima-230x240-cm-inkl-2-puder-m-fyld\\\/#breadcrumb\",\"itemListElement\":[{\"@type\":\"ListItem\",\"position\":1,\"name\":\"Hjem\",\"item\":\"https:\\\/\\\/tibladin.dk\\\/\"},{\"@type\":\"ListItem\",\"position\":2,\"name\":\"Shop\",\"item\":\"https:\\\/\\\/tibladin.dk\\\/shop\\\/\"},{\"@type\":\"ListItem\",\"position\":3,\"name\":\"Senget\u00e6ppe Nayima \u2013 230&#215;240 cm. inkl 2 puder m. fyld\"}]},{\"@type\":\"WebSite\",\"@id\":\"https:\\\/\\\/tibladin.dk\\\/#website\",\"url\":\"https:\\\/\\\/tibladin.dk\\\/\",\"name\":\"Tibladin\",\"description\":\"Tibladin\",\"publisher\":{\"@id\":\"https:\\\/\\\/tibladin.dk\\\/#organization\"},\"potentialAction\":[{\"@type\":\"SearchAction\",\"target\":{\"@type\":\"EntryPoint\",\"urlTemplate\":\"https:\\\/\\\/tibladin.dk\\\/?s={search_term_string}\"},\"query-input\":{\"@type\":\"PropertyValueSpecification\",\"valueRequired\":true,\"valueName\":\"search_term_string\"}}],\"inLanguage\":\"nl-NL\"},{\"@type\":\"Organization\",\"@id\":\"https:\\\/\\\/tibladin.dk\\\/#organization\",\"name\":\"Tibladin\",\"url\":\"https:\\\/\\\/tibladin.dk\\\/\",\"logo\":{\"@type\":\"ImageObject\",\"inLanguage\":\"nl-NL\",\"@id\":\"https:\\\/\\\/tibladin.dk\\\/#\\\/schema\\\/logo\\\/image\\\/\",\"url\":\"https:\\\/\\\/tibladin.dk\\\/wp-content\\\/uploads\\\/2022\\\/09\\\/tibladin_logo.svg\",\"contentUrl\":\"https:\\\/\\\/tibladin.dk\\\/wp-content\\\/uploads\\\/2022\\\/09\\\/tibladin_logo.svg\",\"caption\":\"Tibladin\"},\"image\":{\"@id\":\"https:\\\/\\\/tibladin.dk\\\/#\\\/schema\\\/logo\\\/image\\\/\"}}]}<\/script>\n<!-- \/ Yoast SEO plugin. -->","yoast_head_json":{"title":"Marokkaanse sprei NAYIMA | + 2 kussens met vulling | Handgeweven","description":"Decoratieve Marokkaanse sprei. Handgeweven van zandkleurig katoen met zwarte strepen en witte pompons. Inclusief 2 bijpassende kussenslopen \u21d2 Bekijk hier meer","robots":{"index":"index","follow":"follow","max-snippet":"max-snippet:-1","max-image-preview":"max-image-preview:large","max-video-preview":"max-video-preview:-1"},"canonical":"https:\/\/tibladin.dk\/nl\/product-2\/sprei-nayima-230x240-cm-incl-2-kussens-met-vulling\/","og_locale":"nl_NL","og_type":"article","og_title":"Marokkansk senget\u00e6ppe NAYIMA | + 2 puder m. fyld | H\u00e5ndv\u00e6vet","og_description":"Dekorativt marokkansk senget\u00e6ppe. H\u00e5ndv\u00e6vet i sandfarvet bomuld med sorte striber og hvide pomponer. Inkl 2 matchende pudebetr\u00e6k \u21d2 Se mere her","og_url":"https:\/\/tibladin.dk\/nl\/product-2\/sprei-nayima-230x240-cm-incl-2-kussens-met-vulling\/","og_site_name":"Tibladin","article_modified_time":"2026-02-19T12:00:21+00:00","og_image":[{"width":800,"height":800,"url":"https:\/\/tibladin.dk\/wp-content\/uploads\/2026\/02\/NAYIMA_5.jpg","type":"image\/jpeg"}],"twitter_card":"summary_large_image","twitter_misc":{"Geschatte leestijd":"2 minuten"},"schema":{"@context":"https:\/\/schema.org","@graph":[{"@type":"WebPage","@id":"https:\/\/tibladin.dk\/produkt\/sengetaeppe-nayima-230x240-cm-inkl-2-puder-m-fyld\/","url":"https:\/\/tibladin.dk\/produkt\/sengetaeppe-nayima-230x240-cm-inkl-2-puder-m-fyld\/","name":"Marokkaanse sprei NAYIMA | + 2 kussens met vulling | Handgeweven","isPartOf":{"@id":"https:\/\/tibladin.dk\/#website"},"primaryImageOfPage":{"@id":"https:\/\/tibladin.dk\/produkt\/sengetaeppe-nayima-230x240-cm-inkl-2-puder-m-fyld\/#primaryimage"},"image":{"@id":"https:\/\/tibladin.dk\/produkt\/sengetaeppe-nayima-230x240-cm-inkl-2-puder-m-fyld\/#primaryimage"},"thumbnailUrl":"https:\/\/tibladin.dk\/wp-content\/uploads\/2026\/02\/NAYIMA_5.jpg","datePublished":"2026-02-16T16:58:15+00:00","dateModified":"2026-02-19T12:00:21+00:00","description":"Decoratieve Marokkaanse sprei. Handgeweven van zandkleurig katoen met zwarte strepen en witte pompons. Inclusief 2 bijpassende kussenslopen \u21d2 Bekijk hier meer","breadcrumb":{"@id":"https:\/\/tibladin.dk\/produkt\/sengetaeppe-nayima-230x240-cm-inkl-2-puder-m-fyld\/#breadcrumb"},"inLanguage":"nl-NL","potentialAction":[{"@type":"ReadAction","target":["https:\/\/tibladin.dk\/produkt\/sengetaeppe-nayima-230x240-cm-inkl-2-puder-m-fyld\/"]}]},{"@type":"ImageObject","inLanguage":"nl-NL","@id":"https:\/\/tibladin.dk\/produkt\/sengetaeppe-nayima-230x240-cm-inkl-2-puder-m-fyld\/#primaryimage","url":"https:\/\/tibladin.dk\/wp-content\/uploads\/2026\/02\/NAYIMA_5.jpg","contentUrl":"https:\/\/tibladin.dk\/wp-content\/uploads\/2026\/02\/NAYIMA_5.jpg","width":800,"height":800,"caption":"Smukt bomuldssenget\u00e6ppe h\u00e5ndlavet i Marokko. Gr\u00e5- og hvidstribet med pompommer i hvert hj\u00f8rne."},{"@type":"BreadcrumbList","@id":"https:\/\/tibladin.dk\/produkt\/sengetaeppe-nayima-230x240-cm-inkl-2-puder-m-fyld\/#breadcrumb","itemListElement":[{"@type":"ListItem","position":1,"name":"Hjem","item":"https:\/\/tibladin.dk\/"},{"@type":"ListItem","position":2,"name":"Shop","item":"https:\/\/tibladin.dk\/shop\/"},{"@type":"ListItem","position":3,"name":"Senget\u00e6ppe Nayima \u2013 230&#215;240 cm. inkl 2 puder m. fyld"}]},{"@type":"WebSite","@id":"https:\/\/tibladin.dk\/#website","url":"https:\/\/tibladin.dk\/","name":"Tibladin","description":"Tibladin","publisher":{"@id":"https:\/\/tibladin.dk\/#organization"},"potentialAction":[{"@type":"SearchAction","target":{"@type":"EntryPoint","urlTemplate":"https:\/\/tibladin.dk\/?s={search_term_string}"},"query-input":{"@type":"PropertyValueSpecification","valueRequired":true,"valueName":"search_term_string"}}],"inLanguage":"nl-NL"},{"@type":"Organization","@id":"https:\/\/tibladin.dk\/#organization","name":"Tibladin","url":"https:\/\/tibladin.dk\/","logo":{"@type":"ImageObject","inLanguage":"nl-NL","@id":"https:\/\/tibladin.dk\/#\/schema\/logo\/image\/","url":"https:\/\/tibladin.dk\/wp-content\/uploads\/2022\/09\/tibladin_logo.svg","contentUrl":"https:\/\/tibladin.dk\/wp-content\/uploads\/2022\/09\/tibladin_logo.svg","caption":"Tibladin"},"image":{"@id":"https:\/\/tibladin.dk\/#\/schema\/logo\/image\/"}}]}},"_links":{"self":[{"href":"https:\/\/tibladin.dk\/nl\/wp-json\/wp\/v2\/product\/43287","targetHints":{"allow":["GET"]}}],"collection":[{"href":"https:\/\/tibladin.dk\/nl\/wp-json\/wp\/v2\/product"}],"about":[{"href":"https:\/\/tibladin.dk\/nl\/wp-json\/wp\/v2\/types\/product"}],"wp:featuredmedia":[{"embeddable":true,"href":"https:\/\/tibladin.dk\/nl\/wp-json\/wp\/v2\/media\/43307"}],"wp:attachment":[{"href":"https:\/\/tibladin.dk\/nl\/wp-json\/wp\/v2\/media?parent=43287"}],"wp:term":[{"taxonomy":"product_brand","embeddable":true,"href":"https:\/\/tibladin.dk\/nl\/wp-json\/wp\/v2\/product_brand?post=43287"},{"taxonomy":"product_cat","embeddable":true,"href":"https:\/\/tibladin.dk\/nl\/wp-json\/wp\/v2\/product_cat?post=43287"},{"taxonomy":"product_tag","embeddable":true,"href":"https:\/\/tibladin.dk\/nl\/wp-json\/wp\/v2\/product_tag?post=43287"}],"curies":[{"name":"wp","href":"https:\/\/api.w.org\/{rel}","templated":true}]}}