{"id":2728,"date":"2022-09-20T11:18:40","date_gmt":"2022-09-20T09:18:40","guid":{"rendered":"https:\/\/tibladin.dk\/?post_type=product&#038;p=2728"},"modified":"2025-12-19T10:22:17","modified_gmt":"2025-12-19T09:22:17","slug":"puff-i-latt-naturlader-mini","status":"publish","type":"product","link":"https:\/\/tibladin.dk\/sv\/produkt\/puf-i-lys-naturlaeder-mini\/","title":{"rendered":"Puff i l\u00e4tt naturl\u00e4der mini"},"content":{"rendered":"<div class=\"wpb-content-wrapper\"><div class=\"vc_row wpb_row vc_row-fluid\"><div class=\"wpb_column vc_column_container vc_col-sm-4\"><div class=\"vc_column-inner\"><div class=\"wpb_wrapper\"><h3 style=\"text-align: left\" class=\"vc_custom_heading vc_do_custom_heading\" >Andra marockanska l\u00e4derpuffar<\/h3>\n\t<div class=\"wpb_text_column wpb_content_element\" >\n\t\t<div class=\"wpb_wrapper\">\n\t\t\t<p>\u00c4r du inte helt s\u00e4ker p\u00e5 om du ska ha denna minipuff med l\u00e4tt naturl\u00e4der?<\/p>\n<p>S\u00e5 ta en titt p\u00e5 v\u00e5r\u00a0<a href=\"https:\/\/tibladin.dk\/sv\/produktkategori-2\/interior\/mobel\/poff\/laderpuff\/\">sida med alla v\u00e5ra l\u00e4derpuffar<\/a>. H\u00e4r hittar du vackra l\u00e4derpuffar i flera olika f\u00e4rger och former. Vi har ocks\u00e5 ett par\u00a0<a href=\"https:\/\/tibladin.dk\/sv\/produktkategori-2\/interior\/mobel\/poff\/ullpuff\/\">vackra marockanska sittpuffar i ull<\/a>, som passar perfekt till en skandinavisk inredning.<\/p>\n\n\t\t<\/div>\n\t<\/div>\n<\/div><\/div><\/div><div class=\"wpb_column vc_column_container vc_col-sm-4\"><div class=\"vc_column-inner\"><div class=\"wpb_wrapper\"><h3 style=\"text-align: left\" class=\"vc_custom_heading vc_do_custom_heading\" >Underh\u00e5ll<\/h3>\n\t<div class=\"wpb_text_column wpb_content_element\" >\n\t\t<div class=\"wpb_wrapper\">\n\t\t\t<p>L\u00e4dret p\u00e5 denna marockanska sittpuff \u00e4r gjord av getskinn och kommer att f\u00e5 en vacker patina med tiden. Vill du ha din sittpuff m\u00f6rkare och glansig kan du ge den lite l\u00e4derolja. Alldeles i b\u00f6rjan, n\u00e4r du anv\u00e4nder den, kan den lukta lite som l\u00e4der. Detta f\u00f6rsvinner snabbt igen. Om du vill p\u00e5skynda den processen, l\u00e4gg ut den i solen en stund s\u00e5 f\u00f6rsvinner den.<\/p>\n\n\t\t<\/div>\n\t<\/div>\n<\/div><\/div><\/div><div class=\"wpb_column vc_column_container vc_col-sm-4\"><div class=\"vc_column-inner\"><div class=\"wpb_wrapper\"><h3 style=\"text-align: left\" class=\"vc_custom_heading vc_do_custom_heading\" >Historien bakom<\/h3>\n\t<div class=\"wpb_text_column wpb_content_element\" >\n\t\t<div class=\"wpb_wrapper\">\n\t\t\t<p>Sm\u00e5 sittpuffar \u00e4r l\u00e4tta att l\u00e4gga till din inredning och f\u00e5r snabbt en exotisk look och en mer personlig touch. Min leverant\u00f6r av l\u00e4derpuffar har m\u00e5nga \u00e5rs erfarenhet av att g\u00f6ra bra och mycket h\u00e5llbara sittpuffar och han exporterar till flera st\u00e4llen runt om i v\u00e4rlden. Alla mina sittpuffar \u00e4r gjorda av getskinn d\u00e5 det \u00e4r det som ger den mjukaste och smidigaste sittpuffen.<\/p>\n\n\t\t<\/div>\n\t<\/div>\n<\/div><\/div><\/div><\/div>\n<\/div>","protected":false},"excerpt":{"rendered":"<p>Som n\u00e5got helt nytt har vi f\u00e5tt vackert ljust\/beige naturl\u00e4der.\u00a0<span class=\"s1\">Puffen \u00e4r broderad med ett vackert och detaljerat m\u00f6nster p\u00e5 toppen. Denna modell \u00e4r en minimodell p\u00e5 35 cm i diameter. Perfekt f\u00f6r barnrummet.<\/span><\/p>\n<p>Enkelt och naturligt som passar bra till den stilrena looken.<\/p>\n<p>Du kan \u00e4ven f\u00e5 detta i en standardmodell och en l\u00e5ng modell.<\/p>","protected":false},"featured_media":11602,"template":"","meta":{"inline_featured_image":false},"product_brand":[],"product_cat":[41,40],"product_tag":[],"class_list":{"0":"post-2728","1":"product","2":"type-product","3":"status-publish","4":"has-post-thumbnail","6":"product_cat-laederpufs","7":"product_cat-pufs","9":"first","10":"instock","11":"taxable","12":"shipping-taxable","13":"purchasable","14":"product-type-simple"},"exclude_global_add_ons":false,"addons":[{"name":"F\u00e5r du din sittpuff levererad med tr\u00e4ullsfyllning?","type":"checkbox","position":0,"required":false,"title_format":"label","default":"","description_enable":false,"description":"","placeholder_enable":false,"placeholder":"","display":"select","restrictions_type":"any_text","adjust_price":false,"price":"","price_type":"flat_fee","restrictions":false,"min":"0","max":"0","options":[{"label":"Ja tak!","price":"150.00","price_type":"flat_fee","image":0,"visibility":true}],"id":1710621309}],"yoast_head":"<!-- This site is optimized with the Yoast SEO plugin v27.4 - https:\/\/yoast.com\/product\/yoast-seo-wordpress\/ -->\n<title>Marokkansk puf | Lys naturfarvet l\u00e6der | mini udgave | Tibladin<\/title>\n<meta name=\"description\" content=\"Marokkansk puf i en s\u00f8d mini udgave.\u00a0Perfekt til b\u00f8rnev\u00e6relset | Med ekstra syninger for en god holdbarhed. F\u00e5es i flere st\u00f8rrelser \u21d2 K\u00f8b her!\" \/>\n<meta name=\"robots\" content=\"index, follow, max-snippet:-1, max-image-preview:large, max-video-preview:-1\" \/>\n<link rel=\"canonical\" href=\"https:\/\/tibladin.dk\/sv\/produkt\/puff-i-latt-naturlader-mini\/\" \/>\n<meta property=\"og:locale\" content=\"sv_SE\" \/>\n<meta property=\"og:type\" content=\"article\" \/>\n<meta property=\"og:title\" content=\"Marokkansk puf | Lys naturfarvet l\u00e6der | mini udgave | Tibladin\" \/>\n<meta property=\"og:description\" content=\"Marokkansk puf i en s\u00f8d mini udgave.\u00a0Perfekt til b\u00f8rnev\u00e6relset | Med ekstra syninger for en god holdbarhed. F\u00e5es i flere st\u00f8rrelser \u21d2 K\u00f8b her!\" \/>\n<meta property=\"og:url\" content=\"https:\/\/tibladin.dk\/sv\/produkt\/puff-i-latt-naturlader-mini\/\" \/>\n<meta property=\"og:site_name\" content=\"Tibladin\" \/>\n<meta property=\"article:modified_time\" content=\"2025-12-19T09:22:17+00:00\" \/>\n<meta property=\"og:image\" content=\"https:\/\/tibladin.dk\/wp-content\/uploads\/2022\/09\/Marokkansk-puf_naturel-mini.jpg\" \/>\n\t<meta property=\"og:image:width\" content=\"800\" \/>\n\t<meta property=\"og:image:height\" content=\"800\" \/>\n\t<meta property=\"og:image:type\" content=\"image\/jpeg\" \/>\n<meta name=\"twitter:card\" content=\"summary_large_image\" \/>\n<meta name=\"twitter:label1\" content=\"Ber\u00e4knad l\u00e4stid\" \/>\n\t<meta name=\"twitter:data1\" content=\"2 minuter\" \/>\n<script type=\"application\/ld+json\" class=\"yoast-schema-graph\">{\"@context\":\"https:\\\/\\\/schema.org\",\"@graph\":[{\"@type\":\"WebPage\",\"@id\":\"https:\\\/\\\/tibladin.dk\\\/produkt\\\/puf-i-lys-naturlaeder-mini\\\/\",\"url\":\"https:\\\/\\\/tibladin.dk\\\/produkt\\\/puf-i-lys-naturlaeder-mini\\\/\",\"name\":\"Marokkansk puf | Lys naturfarvet l\u00e6der | mini udgave | Tibladin\",\"isPartOf\":{\"@id\":\"https:\\\/\\\/tibladin.dk\\\/#website\"},\"primaryImageOfPage\":{\"@id\":\"https:\\\/\\\/tibladin.dk\\\/produkt\\\/puf-i-lys-naturlaeder-mini\\\/#primaryimage\"},\"image\":{\"@id\":\"https:\\\/\\\/tibladin.dk\\\/produkt\\\/puf-i-lys-naturlaeder-mini\\\/#primaryimage\"},\"thumbnailUrl\":\"https:\\\/\\\/tibladin.dk\\\/wp-content\\\/uploads\\\/2022\\\/09\\\/Marokkansk-puf_naturel-mini.jpg\",\"datePublished\":\"2022-09-20T09:18:40+00:00\",\"dateModified\":\"2025-12-19T09:22:17+00:00\",\"description\":\"Marokkansk puf i en s\u00f8d mini udgave.\u00a0Perfekt til b\u00f8rnev\u00e6relset | Med ekstra syninger for en god holdbarhed. F\u00e5es i flere st\u00f8rrelser \u21d2 K\u00f8b her!\",\"breadcrumb\":{\"@id\":\"https:\\\/\\\/tibladin.dk\\\/produkt\\\/puf-i-lys-naturlaeder-mini\\\/#breadcrumb\"},\"inLanguage\":\"sv-SE\",\"potentialAction\":[{\"@type\":\"ReadAction\",\"target\":[\"https:\\\/\\\/tibladin.dk\\\/produkt\\\/puf-i-lys-naturlaeder-mini\\\/\"]}]},{\"@type\":\"ImageObject\",\"inLanguage\":\"sv-SE\",\"@id\":\"https:\\\/\\\/tibladin.dk\\\/produkt\\\/puf-i-lys-naturlaeder-mini\\\/#primaryimage\",\"url\":\"https:\\\/\\\/tibladin.dk\\\/wp-content\\\/uploads\\\/2022\\\/09\\\/Marokkansk-puf_naturel-mini.jpg\",\"contentUrl\":\"https:\\\/\\\/tibladin.dk\\\/wp-content\\\/uploads\\\/2022\\\/09\\\/Marokkansk-puf_naturel-mini.jpg\",\"width\":800,\"height\":800,\"caption\":\"marokkansk puf mini\"},{\"@type\":\"BreadcrumbList\",\"@id\":\"https:\\\/\\\/tibladin.dk\\\/produkt\\\/puf-i-lys-naturlaeder-mini\\\/#breadcrumb\",\"itemListElement\":[{\"@type\":\"ListItem\",\"position\":1,\"name\":\"Hjem\",\"item\":\"https:\\\/\\\/tibladin.dk\\\/\"},{\"@type\":\"ListItem\",\"position\":2,\"name\":\"Shop\",\"item\":\"https:\\\/\\\/tibladin.dk\\\/shop\\\/\"},{\"@type\":\"ListItem\",\"position\":3,\"name\":\"Puf i lys naturl\u00e6der mini\"}]},{\"@type\":\"WebSite\",\"@id\":\"https:\\\/\\\/tibladin.dk\\\/#website\",\"url\":\"https:\\\/\\\/tibladin.dk\\\/\",\"name\":\"Tibladin\",\"description\":\"Tibladin\",\"publisher\":{\"@id\":\"https:\\\/\\\/tibladin.dk\\\/#organization\"},\"potentialAction\":[{\"@type\":\"SearchAction\",\"target\":{\"@type\":\"EntryPoint\",\"urlTemplate\":\"https:\\\/\\\/tibladin.dk\\\/?s={search_term_string}\"},\"query-input\":{\"@type\":\"PropertyValueSpecification\",\"valueRequired\":true,\"valueName\":\"search_term_string\"}}],\"inLanguage\":\"sv-SE\"},{\"@type\":\"Organization\",\"@id\":\"https:\\\/\\\/tibladin.dk\\\/#organization\",\"name\":\"Tibladin\",\"url\":\"https:\\\/\\\/tibladin.dk\\\/\",\"logo\":{\"@type\":\"ImageObject\",\"inLanguage\":\"sv-SE\",\"@id\":\"https:\\\/\\\/tibladin.dk\\\/#\\\/schema\\\/logo\\\/image\\\/\",\"url\":\"https:\\\/\\\/tibladin.dk\\\/wp-content\\\/uploads\\\/2022\\\/09\\\/tibladin_logo.svg\",\"contentUrl\":\"https:\\\/\\\/tibladin.dk\\\/wp-content\\\/uploads\\\/2022\\\/09\\\/tibladin_logo.svg\",\"caption\":\"Tibladin\"},\"image\":{\"@id\":\"https:\\\/\\\/tibladin.dk\\\/#\\\/schema\\\/logo\\\/image\\\/\"}}]}<\/script>\n<!-- \/ Yoast SEO plugin. -->","yoast_head_json":{"title":"Marockansk sittpuff | L\u00e4tt naturf\u00e4rgat l\u00e4der | miniversion | Tibladin","description":"Marockansk sittpuff i en s\u00f6t miniversion. Perfekt f\u00f6r barnrummet | Med extra s\u00f6mmar f\u00f6r god h\u00e5llbarhet. Finns i flera storlekar \u21d2 K\u00f6p h\u00e4r!","robots":{"index":"index","follow":"follow","max-snippet":"max-snippet:-1","max-image-preview":"max-image-preview:large","max-video-preview":"max-video-preview:-1"},"canonical":"https:\/\/tibladin.dk\/sv\/produkt\/puff-i-latt-naturlader-mini\/","og_locale":"sv_SE","og_type":"article","og_title":"Marokkansk puf | Lys naturfarvet l\u00e6der | mini udgave | Tibladin","og_description":"Marokkansk puf i en s\u00f8d mini udgave.\u00a0Perfekt til b\u00f8rnev\u00e6relset | Med ekstra syninger for en god holdbarhed. F\u00e5es i flere st\u00f8rrelser \u21d2 K\u00f8b her!","og_url":"https:\/\/tibladin.dk\/sv\/produkt\/puff-i-latt-naturlader-mini\/","og_site_name":"Tibladin","article_modified_time":"2025-12-19T09:22:17+00:00","og_image":[{"width":800,"height":800,"url":"https:\/\/tibladin.dk\/wp-content\/uploads\/2022\/09\/Marokkansk-puf_naturel-mini.jpg","type":"image\/jpeg"}],"twitter_card":"summary_large_image","twitter_misc":{"Ber\u00e4knad l\u00e4stid":"2 minuter"},"schema":{"@context":"https:\/\/schema.org","@graph":[{"@type":"WebPage","@id":"https:\/\/tibladin.dk\/produkt\/puf-i-lys-naturlaeder-mini\/","url":"https:\/\/tibladin.dk\/produkt\/puf-i-lys-naturlaeder-mini\/","name":"Marockansk sittpuff | L\u00e4tt naturf\u00e4rgat l\u00e4der | miniversion | Tibladin","isPartOf":{"@id":"https:\/\/tibladin.dk\/#website"},"primaryImageOfPage":{"@id":"https:\/\/tibladin.dk\/produkt\/puf-i-lys-naturlaeder-mini\/#primaryimage"},"image":{"@id":"https:\/\/tibladin.dk\/produkt\/puf-i-lys-naturlaeder-mini\/#primaryimage"},"thumbnailUrl":"https:\/\/tibladin.dk\/wp-content\/uploads\/2022\/09\/Marokkansk-puf_naturel-mini.jpg","datePublished":"2022-09-20T09:18:40+00:00","dateModified":"2025-12-19T09:22:17+00:00","description":"Marockansk sittpuff i en s\u00f6t miniversion. Perfekt f\u00f6r barnrummet | Med extra s\u00f6mmar f\u00f6r god h\u00e5llbarhet. Finns i flera storlekar \u21d2 K\u00f6p h\u00e4r!","breadcrumb":{"@id":"https:\/\/tibladin.dk\/produkt\/puf-i-lys-naturlaeder-mini\/#breadcrumb"},"inLanguage":"sv-SE","potentialAction":[{"@type":"ReadAction","target":["https:\/\/tibladin.dk\/produkt\/puf-i-lys-naturlaeder-mini\/"]}]},{"@type":"ImageObject","inLanguage":"sv-SE","@id":"https:\/\/tibladin.dk\/produkt\/puf-i-lys-naturlaeder-mini\/#primaryimage","url":"https:\/\/tibladin.dk\/wp-content\/uploads\/2022\/09\/Marokkansk-puf_naturel-mini.jpg","contentUrl":"https:\/\/tibladin.dk\/wp-content\/uploads\/2022\/09\/Marokkansk-puf_naturel-mini.jpg","width":800,"height":800,"caption":"marokkansk puf mini"},{"@type":"BreadcrumbList","@id":"https:\/\/tibladin.dk\/produkt\/puf-i-lys-naturlaeder-mini\/#breadcrumb","itemListElement":[{"@type":"ListItem","position":1,"name":"Hjem","item":"https:\/\/tibladin.dk\/"},{"@type":"ListItem","position":2,"name":"Shop","item":"https:\/\/tibladin.dk\/shop\/"},{"@type":"ListItem","position":3,"name":"Puf i lys naturl\u00e6der mini"}]},{"@type":"WebSite","@id":"https:\/\/tibladin.dk\/#website","url":"https:\/\/tibladin.dk\/","name":"Tibladin","description":"Tibladin","publisher":{"@id":"https:\/\/tibladin.dk\/#organization"},"potentialAction":[{"@type":"SearchAction","target":{"@type":"EntryPoint","urlTemplate":"https:\/\/tibladin.dk\/?s={search_term_string}"},"query-input":{"@type":"PropertyValueSpecification","valueRequired":true,"valueName":"search_term_string"}}],"inLanguage":"sv-SE"},{"@type":"Organization","@id":"https:\/\/tibladin.dk\/#organization","name":"Tibladin","url":"https:\/\/tibladin.dk\/","logo":{"@type":"ImageObject","inLanguage":"sv-SE","@id":"https:\/\/tibladin.dk\/#\/schema\/logo\/image\/","url":"https:\/\/tibladin.dk\/wp-content\/uploads\/2022\/09\/tibladin_logo.svg","contentUrl":"https:\/\/tibladin.dk\/wp-content\/uploads\/2022\/09\/tibladin_logo.svg","caption":"Tibladin"},"image":{"@id":"https:\/\/tibladin.dk\/#\/schema\/logo\/image\/"}}]}},"_links":{"self":[{"href":"https:\/\/tibladin.dk\/sv\/wp-json\/wp\/v2\/product\/2728","targetHints":{"allow":["GET"]}}],"collection":[{"href":"https:\/\/tibladin.dk\/sv\/wp-json\/wp\/v2\/product"}],"about":[{"href":"https:\/\/tibladin.dk\/sv\/wp-json\/wp\/v2\/types\/product"}],"wp:featuredmedia":[{"embeddable":true,"href":"https:\/\/tibladin.dk\/sv\/wp-json\/wp\/v2\/media\/11602"}],"wp:attachment":[{"href":"https:\/\/tibladin.dk\/sv\/wp-json\/wp\/v2\/media?parent=2728"}],"wp:term":[{"taxonomy":"product_brand","embeddable":true,"href":"https:\/\/tibladin.dk\/sv\/wp-json\/wp\/v2\/product_brand?post=2728"},{"taxonomy":"product_cat","embeddable":true,"href":"https:\/\/tibladin.dk\/sv\/wp-json\/wp\/v2\/product_cat?post=2728"},{"taxonomy":"product_tag","embeddable":true,"href":"https:\/\/tibladin.dk\/sv\/wp-json\/wp\/v2\/product_tag?post=2728"}],"curies":[{"name":"wp","href":"https:\/\/api.w.org\/{rel}","templated":true}]}}